{"id":28825,"date":"2015-09-25T20:08:56","date_gmt":"2015-09-25T20:08:56","guid":{"rendered":"http:\/\/www.laguarimba.com\/it\/ontour\/"},"modified":"2025-04-19T15:57:17","modified_gmt":"2025-04-19T15:57:17","slug":"ontour","status":"publish","type":"page","link":"https:\/\/www.laguarimba.com\/it\/ontour\/","title":{"rendered":"On Tour"},"content":{"rendered":"<div class=\"wpb-content-wrapper\">[vc_row][vc_column][vc_column_text]\n<p style=\"text-align: justify;\"><span style=\"font-size: 18pt;\">La Guarimba On Tour \u00e8 un progetto itinerante che offre diverse attivit\u00e0 culturali: proiezioni di cinema, laboratori di gestione culturale, illustrazione e ambientalismo, realizzazione di murales e allestimento di mostre di illustrazione.<\/span><\/p>\n<p style=\"text-align: justify;\"><span style=\"font-size: 14pt;\"><strong>La Guarimba IFF<\/strong>, una selezione di Fiction, Animazione, Documentario, Videoclip e Sperimentale;\u00a0<strong>La Grotta dei Piccoli<\/strong>, una selezione di cortometraggi di Animazione per bambini;\u00a0<strong>INSOMNIA<\/strong>, un programma sperimentale, un\u2019apnea di trasgressioni e perversioni;\u00a0<strong>KARMALA<\/strong>, una selezione di cortometraggi africani di diversi generi, principalmente commedia;\u00a0<strong>ITALIA<\/strong>, una selezione con il meglio del cortometraggio italiano tra Fiction, Documentario e Animazione;\u00a0<strong>LATINOAM\u00c9RICA<\/strong>, tra il realismo magico e la cruda realt\u00e0, una serie di film realizzati da registi latinoamericani o girati in America Latina;\u00a0<strong>MIGRARTI<\/strong>, storie di italiani di seconda generazione che attraverso il dramma e la commedia ci avvicinano ad una riflessione profonda della questione;\u00a0<strong>AL FEMMINILE<\/strong>, storie di donne protagoniste o dietro la cinepresa per riflettere sull\u2019uguaglianza, sul femminismo e alzare la voce contro la violenza sulle donne.<\/span><\/p>\n[\/vc_column_text][\/vc_column][\/vc_row][vc_row][vc_column width=&#8221;1\/2&#8243;][vc_tta_accordion][vc_tta_section title=&#8221;TOUR 2024\/2025&#8243; tab_id=&#8221;1539443929317-c9386d6e-7d19&#8243;][vc_column_text css=&#8221;&#8221;]<strong>13-14 APRILE 2025<br \/>\n11<sup>th<\/sup>\u00a0edition of\u00a0<span class=\"il\">Qumra<\/span><br \/>\n<\/strong>Doha, Qatar<br \/>\nIndustry Delegate<\/p>\n<p><strong>1-2 APRILE 2025<\/strong><br \/>\n<strong>SHOW ME SHORTS FILM FESTIVAL<\/strong><br \/>\nAuckland\/Wellington\/Christchurch, New Zealand<br \/>\nScreening of an Italian animated shorts selection in collaboration with the Italian Embassy in Wellington.<\/p>\n<p><strong>18-22 MARZO 2025<br \/>\n19<sup>th<\/sup>\u00a0edition of\u00a0<span class=\"il\">Glasgow Short Film Festival<\/span><br \/>\n<\/strong>Glasgow, Scozia<br \/>\nGiuria per la Scottish Competition<\/p>\n<p><strong>27 DICEMBRE 2024<br \/>\nNON CI SIAMO!<br \/>\n<\/strong>Catanzaro, Italia<br \/>\nRelatori dell&#8217;evento per presentare la storia de La Guarimba.<\/p>\n<p><strong>21 NOVEMBRE 2024<br \/>\nITALIA PATRIA DELLA BELLEZZA<br \/>\n<\/strong>Milano, Italia<br \/>\nPresentazione del progetto La Guarimba e Vincitori del Premio Italia Patria della Bellezza.<\/p>\n<p><strong>5-10 NOVEMBRE 2024<br \/>\n28th edition of Internationale Kurzfilmtage Winterthur<br \/>\n<\/strong>Winterthur, Svizzera<br \/>\nIndustry Guest<\/p>\n<p><strong>24 OCTTOBRE 2024<br \/>\nXIX DEL FORUM RAVELLO LAB<br \/>\n<\/strong>Ravello, Italia<br \/>\nVincitori del Premio &#8220;Patrimoni Viventi&#8221; per il progetto Kino Guarimba &#8211; The Ukrainian Edition.[\/vc_column_text][\/vc_tta_section][vc_tta_section title=&#8221;TOUR 2023\/2024&#8243; tab_id=&#8221;1745078056465-b0ec1a4e-3c79&#8243;][vc_column_text css=&#8221;&#8221;]<strong>11, 25 LUGLIO e 8 AGOSTO 2024<br \/>\nTAMPERE FILM FESTIVAL<br \/>\n<\/strong>Tampere, Finlandia<br \/>\nProiezione del programma &#8220;Short Films From Amantea \u2013 A Town in Calabria, Italy&#8221; prodotti da La Guarimba durante la residenza Kino Guarimba, in collaborazione con Pirkanmaa Film Center.<br \/>\n<strong><br \/>\n29 GIUGNO &#8211; 4 LUGLIO 2024<\/strong><br \/>\n<strong>SOCIAL ENTERPRISE OPEN CAMP<\/strong><br \/>\nNairobi, Kenya<br \/>\nPremio per i vincitori del SEOC 2023, visita alle imprese sociali di Nairobi, supportate da OPES-LCEF.<\/p>\n<p><strong>28 GIUGNO 2024<br \/>\nIL CINEMA IN PIAZZA<br \/>\n<\/strong>Roma, Italia<br \/>\nProiezione di un&#8217;anteprima di cortometraggi della dodicesima edizione, in collaborazione con il Piccolo America e Scomodo.<\/p>\n<p><strong>22-23 MAGGIO 2024<\/strong><br \/>\n<strong>SHOW ME SHORTS FILM FESTIVAL<\/strong><br \/>\nAuckland\/Wellington\/Christchurch, Nuova Zelanda<br \/>\nProiezioni di una selezione di corti di animazione italiani in collaborazione con l&#8217;Ambasciata Italiana di Wellington.<\/p>\n<p><strong>15 MARZO 2024<\/strong><br \/>\n<strong>EST\u00c1 JEVI<\/strong><br \/>\nCaracas, Venezuela<br \/>\nProiezione del programma di Porno Femminista presso il Casino Caracas.<\/p>\n<p><strong>27-29 FEBBRAIO 2024<\/strong><br \/>\n<strong>UNIVERSIDAD CAT\u00d3LICA LUIS AMIG\u00d3<\/strong><br \/>\nMedell\u00edn, Colombia<br \/>\nIncontro con gli studenti e presentazione de La Guarimba per il corso di Comunicaci\u00f3n Social.<\/p>\n<p><strong>27 FEBBRAIO 2024<\/strong><br \/>\n<strong>CENTRO CULTURAL FACULTAD DE ARTES, UNIVERSIDAD DE ANTIOQUIA<\/strong><br \/>\nMedell\u00edn, Colombia<br \/>\nProiezione di una selezione di corti di animazione italiani, in collaborazione con Casa Italia Medell\u00edn.<\/p>\n<p><strong>2-7 FEBBRAIO 2024<br \/>\nCLERMONT-FERRAND SHORT FILM FESTIVAL<br \/>\n<\/strong>Clermont-Ferrand, Francia<br \/>\nPartecipazione al festival e al mercato per l&#8217;industria.<\/p>\n<p><strong>16 DICEMBRE 2023<\/strong><br \/>\n<strong>CALABRIA DESIGN FESTIVAL<\/strong><br \/>\nCosenza, Italia<br \/>\nRelatori dell&#8217;evento, presentazione dei progetti guarimberi.<\/p>\n<p><strong>5-10 NOVEMBRE 2023<\/strong><br \/>\n<strong>INTERNATIONALE KURZFILMTAGE WINTERTHUR\u00a0<\/strong><br \/>\nWinterthur, Svizzera<br \/>\nOspiti del festival e partecipazione al mercato dell&#8217;industria.<\/p>\n<p><strong>28 OTTOBRE 2023<\/strong><br \/>\n<strong>LIBRERIA SIN TARIMA<\/strong><br \/>\nMadrid, Spagna<br \/>\nProiezione di un programma di cortometraggi.<\/p>\n<p><strong>23-28 OTTOBRE 2023<br \/>\n<\/strong><b>SHARJAH INTERNATIONAL FILM FESTIVAL<br \/>\n<\/b>Sharjah, EAU<br \/>\n<span style=\"font-weight: 400;\">Ospiti del festival in qualit\u00e0 di partner.<\/span><\/p>\n<p><strong>20-23 OTTOBRE 2023<br \/>\nSOCIAL ENTERPRISE OPEN CAMP<br \/>\n<\/strong>Todi (PG), Italia<br \/>\nPartecipazione al laboratorio di imprenditoria sociale.<\/p>\n<p><strong>17-21 OTTOBRE 2023<br \/>\n<\/strong><b>ATWORK<br \/>\n<\/b><span style=\"font-weight: 400;\">Milano, Italia<br \/>\n<\/span><span style=\"font-weight: 400;\">Partecipazione al workshop &#8220;Who&#8217;s The Stranger in Me?&#8221;.<\/span><\/p>\n<p><strong>17-19 OTTOBRE 2023<br \/>\n<b>CULTURA Y CIUDADAN\u00cdA\u00a0<\/b><br \/>\n<\/strong>Valladolid, Spagna<br \/>\nPresentazione del progetto Il Terrenito.<\/p>\n<p><strong>12 OTTOBRE 2023<br \/>\n<\/strong><b>UNIVERSIT\u00c0 MEDITERRANEA<br \/>\n<\/b><span style=\"font-weight: 400;\">Reggio Calabria, Italia<br \/>\n<\/span><span style=\"font-weight: 400;\">Lezione su La Guarimba per il corso di Graphic Design.<\/span><\/p>\n<p><strong>10-12 OTTOBRE 2023<\/strong><br \/>\n<strong>MOLESKINE FOUNDATION<\/strong><br \/>\nMilano, Italia<br \/>\nIncontro con la comunit\u00e0 internazionale dei Creativity Pioneers.<\/p>\n<p><strong>28 SETTEMBRE &#8211; 1 OTTOBRE 2023<\/strong><br \/>\n<strong>ANIMASYROS<\/strong><br \/>\nHermoupolis di Syros, Grecia<br \/>\nPartecipazione al festival.<\/p>\n<p><strong>28 SETTEMBRE &#8211; 1 OTTOBRE 2023<br \/>\n<\/strong><span style=\"font-weight: 400;\"><b>ENCOUNTERS FILM FESTIVAL<br \/>\n<\/b><\/span><span style=\"font-weight: 400;\">Bristol, Regno Unito<br \/>\nOspiti del festival in qualit\u00e0 di partner.<\/span><\/p>\n<p><strong>30 AGOSTO &#8211; 3 SETTEMBRE 2023<\/strong><br \/>\n<strong>RENA SUMMER SCHOOL<\/strong><br \/>\nMatera, Italia<br \/>\nPartecipanti con una borsa di studio alla XIII edizione della residenza.<\/p>\n<p><strong>18-20 AGOSTO 2023<br \/>\nCLETO FEST<br \/>\n<\/strong>Cleto (CS), Italia<br \/>\nProiezione di una selezione di cortometraggi prodotti durante il Kino Guarimba.[\/vc_column_text][\/vc_tta_section][vc_tta_section title=&#8221;TOUR 2022\/2023&#8243; tab_id=&#8221;1696492883171-2c4a018a-39bb&#8221;][vc_column_text]<strong>24 GIUGNO 2023<\/strong><br \/>\n<strong>LIBRERIA SIN TARIMA<\/strong><br \/>\nMadrid, Spagna<br \/>\nProiezione di un programma di cortometraggi.<\/p>\n<p><strong>21 APRILE 2023<\/strong><br \/>\n<strong>CALIFORNIA INSTITUTE OF THE ARTS<\/strong><br \/>\nSan Francisco, USA<br \/>\nLezione per gli studenti e presentazione del progetto.<\/p>\n<p><strong>9 MARZO 2023<\/strong><br \/>\n<strong>COLEGIO JEFFERSON<\/strong><br \/>\nCaracas, Venezuela<br \/>\nLezione per gli studenti e presentazione del progetto.<\/p>\n<p><strong>4 MARZO 2023<\/strong><br \/>\n<strong>LIBRERIA SIN TARIMA<\/strong><br \/>\nMadrid, Spagna<br \/>\nProiezione di un programma di cortometraggi.<\/p>\n<p><strong>24-25 FEBBRAIO 2023<\/strong><br \/>\n<strong>BRESCIA PORTO DEI MONDI<br \/>\n<\/strong>Brescia, Italia<br \/>\nOspiti dell&#8217;evento &#8220;Brescia Porto dei Mondi: La Cultura Incontra le Migrazioni&#8221;. Proiezione di una selezione di cortometraggi in collaborazione con<span style=\"font-family: -apple-system, BlinkMacSystemFont, 'Segoe UI', Roboto, Oxygen-Sans, Ubuntu, Cantarell, 'Helvetica Neue', sans-serif;\">\u00a0Le Cattedre Unesco Italiane.\u00a0<\/span><\/p>\n<p><strong>8 FEBBRAIO 2023<br \/>\n<\/strong><b>UNIVERSIT\u00c0 MEDITERRANEA<br \/>\n<\/b><span style=\"font-weight: 400;\">Reggio Calabria, Italia<br \/>\nValutazione dei progetti di graphic design su La Guarimba presentati dagli studenti del corso di Design.<\/span><\/p>\n<p><strong>10 DICEMBRE 2022<\/strong><br \/>\n<strong>LIBRERIA SIN TARIMA<\/strong><br \/>\nMadrid, Spagna<br \/>\nProiezione di un programma di cortometraggi.<\/p>\n<p><strong>15-20 NOVEMBRE 2022<br \/>\n<\/strong><b>INTERFILM BERLIN<br \/>\n<\/b>Berlino, Germania<br \/>\nOspiti del festival in qualit\u00e0 di partner.<\/p>\n<p><strong>14-20 NOVEMBRE 2022<br \/>\nPLURALS &#8211; BROADEN HORIZONS<br \/>\n<\/strong>Mazzarino (CL), Italia<br \/>\nCo-organizzatori di un corso di formazione culturale per i ragazzi, in collaborazione con Farm Cultural Park.<\/p>\n<p><strong>25 OTTOBRE 2022<br \/>\nBITBANG ANIMATION FESTIVAL<br \/>\n<\/strong>Buenos Aires, Argentina<br \/>\nOspiti del festival in qualit\u00e0 di partner e curatori di un programma di corti di animazione.<\/p>\n<p><strong>17 OTTOBRE 2022<br \/>\n<\/strong><b>UNIVERSIT\u00c0 LUMSA<br \/>\n<\/b><span style=\"font-weight: 400;\">Roma, Italia<br \/>\n<\/span><span style=\"font-weight: 400;\">Lezione sulla Guarimba per il corso di Management of Cultural Events.<\/span><\/p>\n<p><strong>13 OTTOBRE 2022<br \/>\n<\/strong><b>UNIVERSIT\u00c0 MEDITERRANEA<br \/>\n<\/b><span style=\"font-weight: 400;\">Reggio Calabria, Italia<br \/>\n<\/span><span style=\"font-weight: 400;\">Lezione sulla Guarimba per il corso di Graphic Design.<\/span><\/p>\n<p><strong>10-15 OTTOBRE 2022<br \/>\n<\/strong><b>SHARJAH INTERNATIONAL FILM FESTIVAL<br \/>\n<\/b>Sharjah, EAU<br \/>\n<span style=\"font-weight: 400;\">Ospiti del festival in qualit\u00e0 di partner e relatori della conferenza &#8220;Distribution for Short Films&#8221;.<\/span><\/p>\n<p><strong>27 SETTEMBRE &#8211; 2 OTTOBRE 2022<br \/>\n<\/strong><span style=\"font-weight: 400;\"><b>ENCOUNTERS FILM FESTIVAL<br \/>\n<\/b><\/span><span style=\"font-weight: 400;\">Bristol, Regno Unito<br \/>\nOspiti del festival in qualit\u00e0 di partner.<\/span>[\/vc_column_text][\/vc_tta_section][vc_tta_section title=&#8221;TOUR 2021\/2022&#8243; tab_id=&#8221;1666692864167-83b262d2-4796&#8243;][vc_column_text]<strong>17 MARZO 2022<br \/>\n<\/strong><b>CREATIVE EUROPE DESK MEDIA<br \/>\n<\/b>Roma, Italia.<br \/>\nRelatori per la conferenza &#8220;Best Practices al Sud e Sostegni 2022 per Produttori e Videogames&#8221;, tenuta alla <em>Casa del Cinema<\/em> di Roma.<\/p>\n<p><strong>12 MARZO 2022<br \/>\n<\/strong><b>PROIEZIONE PER L&#8217;UCRAINA<br \/>\n<\/b>Amantea, Italia.<br \/>\nProiezione del documentario premiato a Sundance &#8220;The Earth Is Blue as an Orange&#8221; di Iryna Tsilyk. In collaborazione con: L&#8217;Ambasciata della Repubblica di Ucraina in Italia; L&#8217;Ambasciata della Repubblica di Lituania in Italia; Istituto della Cultura Lituana; Cineteca Milano; Z-Power-Young People Back to the Movies.<\/p>\n<p><strong>10 MARZO 2022<br \/>\n<\/strong><b>DAM &#8211; UNIVERSIT\u00c0 DELLA CALABRIA<br \/>\n<\/b>Cosenza, Italia.<br \/>\nRelatori per la presentazione del libro &#8220;A Sud del Sud&#8221; con l&#8217;autore Giuseppe Smorto.<\/p>\n<p><strong>14-16 GENNAIO 2022<br \/>\nVILNIUS INTERNATIONAL FILM FESTIVAL<br \/>\n<\/strong>Vilnius, Lituania.<br \/>\nCuratori di un programma di animazione per bambini alla 15esima edizione del festival.<\/p>\n<p><b>8 DICEMBRE 2021<br \/>\n<\/b><strong>ESCUELA DE CINE CASA COMAL <\/strong><br \/>\nCiudad Guatemala<br \/>\nRelatori per l&#8217;evento <span style=\"font-family: -apple-system, BlinkMacSystemFont, 'Segoe UI', Roboto, Oxygen-Sans, Ubuntu, Cantarell, 'Helvetica Neue', sans-serif;\">Encuentro Internacional De Cineastes Emergentes.<\/span><\/p>\n<p><strong>5-9 NOVEMBRE 2021<br \/>\n<\/strong><b>NORDIC FILM FEST<br \/>\n<\/b><span style=\"font-weight: 400;\">Roma, Italia<br \/>\n<\/span><span style=\"font-weight: 400;\">Partecipazione in qualit\u00e0 di partner alla decima edizione di Nordic Film Fest.<\/span><\/p>\n<p><strong>10-15 OTTOBRE 2021<br \/>\n<\/strong><b>SHARJAH INTERNATIONAL FILM FESTIVAL<br \/>\n<\/b>Sharjah, EAU<br \/>\n<span style=\"font-weight: 400;\">Membri di giuria per Sharjah International Film Festival For Children and Youth 2021.<\/span><\/p>\n<p><strong>20 SETTEMBRE 2021<br \/>\n<\/strong><b>CREATIVE EUROPE DESK MEDIA<br \/>\n<\/b><span style=\"font-weight: 400;\">Online<br \/>\nRelatori per il webinar \u201cGreening In The Film Industry: Putting Words Into Action\u201d.<\/span>[\/vc_column_text][\/vc_tta_section][vc_tta_section title=&#8221;TOUR 2020\/2021&#8243; tab_id=&#8221;1639654450274-f4d42461-03a3&#8243;][vc_column_text]<strong>22-24 LUGLIO 2021<\/strong><br \/>\n<strong>GIFFONI FILM FESTIVAL\u00a0<\/strong><br \/>\nGiffoni Valle Piana (SA), Italia<br \/>\nPartecipazione come ospiti all&#8217;edizione 50 Plus del festival per bambini e ragazzi.<\/p>\n<p><strong>7 LUGLIO 2021<br \/>\n<\/strong><b>ACAMPADOC<br \/>\n<\/b><span style=\"font-weight: 400;\">La Villa De Los Santos, <\/span>Panama<br \/>\n<span style=\"font-weight: 400;\">Relatori per la masterclass \u201cDistribuzione per cortometraggi\u201d.<\/span><\/p>\n<p><strong>20 GIUGNO 2021<\/strong><br \/>\n<strong>COLOR FEST\u00a0<\/strong><br \/>\nGizzeria (CZ), Italia<br \/>\nMembri di giuria per il contest musicale Supernova.<\/p>\n<p><strong>11-13 GIUGNO 2021<br \/>\n<\/strong><b>GIFFONI FILM FESTIVAL<br \/>\n<\/b>Giffoni Valle Piana (SA), Italia<br \/>\n<span style=\"font-weight: 400;\">Partecipazione e interventi all\u2019incontro &#8220;I festival di cinema italiani si incontrano a Giffoni&#8221;.<\/span><\/p>\n<p><strong>3 MAGGIO &#8211; 3 GIUGNO 2021<br \/>\n<\/strong><b>TRASCENDANZA<br \/>\n<\/b><span style=\"font-weight: 400;\">Perugia, Italia<br \/>\nMembri di giuria e partner della mostra di arte contemporanea &#8220;Guerriglia Semiologica&#8221;.<\/span><\/p>\n<p><strong>1-5 FEBBRAIO 2021<br \/>\n<\/strong><b>CLERMONT-FERRAND FILM FESTIVAL<br \/>\n<\/b>Clermont-Ferrand, Francia<br \/>\n<span style=\"font-weight: 400;\">Partecipazione al Mercato del Cortometraggio.<\/span><\/p>\n<p><strong>30 GENNAIO 2021<br \/>\n<\/strong><b>SHARJAH INTERNATIONAL FILM FESTIVAL<br \/>\n<\/b>Sharjah, Emirati Arabi Uniti<br \/>\n<span style=\"font-weight: 400;\">Relatori della conferenza \u201cChildren&#8217;s Cinema Global Forum &#8211; Session 3: Future of Festivals\u201d.<\/span><\/p>\n<p><strong>9 DICEMBRE 2020<br \/>\n<\/strong><b>UNIVERSIT\u00c0 MEDITERRANEA REGGIO CALABRIA<br \/>\n<\/b>Reggio Calabria, Italia<br \/>\nIntervento in una lezione di Comunicazione Multimediale nel Corso di Laurea Quinquennale a Ciclo Unico in Architettura.<\/p>\n<p><strong>30 OTTOBRE 2020<br \/>\n<\/strong><b>NORDIC FILM FEST<br \/>\n<\/b>Roma, Italia<br \/>\nRelatori per la conferenza &#8220;<span style=\"font-weight: 400;\">The Norwegian Short Film: Possibilities of Co-Production\u201d, con proiezione di una selezione di cortometraggi scandinavi.<\/span><\/p>\n<p><strong>16 OTTOBRE 2020<br \/>\n<\/strong><b>SHARJAH INTERNATIONAL FILM FESTIVAL<br \/>\n<\/b>Sharjah, Emirati Arabi Uniti<br \/>\n<span style=\"font-weight: 400;\">Relatori per la conferenza \u201cThe Effects of the Pandemic on the Film Industry\u201d.<\/span>[\/vc_column_text][\/vc_tta_section][vc_tta_section title=&#8221;TOUR 2019\/2020&#8243; tab_id=&#8221;1621938886092-041692da-0bf0&#8243;][vc_column_text]<strong>3 FEBBRAIO 2020<br \/>\nFESTIVAL DU COURT METRAGE DE CLERMONT-FERRAND<br \/>\n<\/strong>Clermont-Ferrand, Francia<br \/>\nFestivals in Person, Short Film Market<\/p>\n<p><strong>15-20 GENNAIO 2020<br \/>\nVILNIAUS TARPTAUTINIS TRUMP\u0172J\u0172 FILM\u0172 FESTIVALIS<br \/>\n<\/strong>Vilnius, Lituania<br \/>\nWorkshop &#8220;Social Media for Cultural Organizations&#8221;<\/p>\n<p><strong>4-7 DICEMBRE 2019<br \/>\nKORTFILMFESTIVAL LEUVEN<br \/>\n<\/strong>Leuven, Belgio<br \/>\nMembri della giuria e La Guarimba premio<\/p>\n<p><strong>2 DICEMBRE 2019<br \/>\nISTITUTO ITALIANO DI CULTURA<br \/>\n<\/strong>Santiago, Cile<br \/>\nProiezione di film italiani<\/p>\n<p><strong>27 NOVEMBRE &#8211; 1 DICEMBRE 2019<br \/>\nANTOFACINE FILM FESTIVAL<br \/>\n<\/strong>Antofagasta, Cile<br \/>\nMembri della giuria e proiezione del programma della Grotta dei Piccoli<\/p>\n<p><strong>7-10 NOVEMBRE 2019<br \/>\nKURZFILMTAGE WINTERTHUR<br \/>\n<\/strong>Winterthur, Svizzera<br \/>\nMarket meetings<\/p>\n<p><strong>13-19 OTTOBRE 2019<br \/>\nSHARJAH INTERNATIONAL CHILDREN&#8217;S FILM FESTIVAL<br \/>\n<\/strong>Sharjah, Emirati Arabi Uniti<br \/>\nOspiti speciali<\/p>\n<p><strong>8-10 OTTOBRE 2019<br \/>\nSEDICICORTO FILM FESTIVAL<br \/>\n<\/strong>Forl\u00ec, Italia<br \/>\nMembri della giuria<\/p>\n<p><strong>6 OTTOBRE 2019<br \/>\n<\/strong><b>NON FARMI MURO: SETTIMANA TEDESCA IN ITALIA<br \/>\n<\/b>Teatro MAXXI, Roma, Italia<br \/>\nShort Films Program in collaborazione con<br \/>\nl&#8217;ambasciata di Germania in Italia<\/p>\n<p><strong>27 SETTEMBRE 2019<br \/>\n<\/strong><b>ENCOUNTERS FILM FESTIVAL<br \/>\n<\/b>Bristol, Regno Unito<br \/>\nColloquio di collaborazione di Short Film Festivals<\/p>\n<p><strong>5-8 SETTEMBRE 2019<br \/>\n<\/strong><b>BARTOUN MEDITERRANEAN FILM FESTIVAL<br \/>\n<\/b>Batrun, Libano<br \/>\nMembri della giuria e La Guarimba premio<\/p>\n<p><strong>23 AGOSTO 2019<br \/>\n<b>GIOIA TAURO FILM FESTIVAL<br \/>\n<\/b><\/strong>Gioia Tauro (RC), Italia<br \/>\nOspiti speciali[\/vc_column_text][\/vc_tta_section][vc_tta_section title=&#8221;TOUR 2018\/2019&#8243; tab_id=&#8221;1616153311437-a6df740e-0c1d&#8221;][vc_column_text]<strong>6-9 DICEMBRE 2018<br \/>\n<b>LEUVEN INTERNATIONAAL KORTFILMFESTIVAL<br \/>\n<\/b><\/strong>Leuven, Belgio<br \/>\nAssegnazione Premio Guarimba al Miglior Documentario<br \/>\n<strong><br \/>\n30 NOVEMBRE 2018<br \/>\n<\/strong><b>FESTIVAL DEL CINE ITALIANO DE M\u00c1LAGA<br \/>\n<\/b>M\u00e1laga, Spagna<br \/>\nProiezione cortometraggi sulle donne<\/p>\n<p><strong>17 NOVEMBRE 2018<br \/>\n<\/strong><b>CORK FILM FESTIVAL<br \/>\n<\/b>Cork, Irlanda<br \/>\nRiunione AVA e proiezione cortometraggi italiani<\/p>\n<p><strong>3 OTTOBRE 2018<br \/>\n<\/strong><b>BALKAN FILM MARKET<br \/>\n<\/b>Tirana, Albania<br \/>\nWorkshop on audience development for cultural<br \/>\nand creative industry organizations<\/p>\n<p><strong>14 SETTEMBRE 2018<br \/>\nEUROPA CREATIVA: VERSO SUD<br \/>\n<\/strong>Bari (BA), Italia<br \/>\nPresentazione del progetto europeo AVA<\/p>\n<p><strong>20 AGOSTO 2018<br \/>\nCLETO FESTIVAL<br \/>\n<\/strong>Cleto (CS), Italia<br \/>\nProiezione di cortometraggi[\/vc_column_text][\/vc_tta_section][vc_tta_section title=&#8221;TOUR 2017\/2018&#8243; tab_id=&#8221;1539443929362-273871a5-1ae7&#8243;][vc_column_text]<strong>4 AGOSTO 2018<br \/>\nCOLOR FEST<br \/>\n<\/strong>Platania (CZ), Italia<br \/>\nProiezione di cortometraggi<\/p>\n<p><strong>24,25 LUGLIO 2018<br \/>\nAPPRODI MEDITERRANEI<br \/>\n<\/strong>Reggio Calabria (RC), Italia<br \/>\nMurales di Sara Fratini<\/p>\n<p><strong>16 LUGLIO 2018<br \/>\n<\/strong><strong>PICCOLA RASSEGNA FUORI LUOGO<br \/>\n<\/strong>Lamezia (CZ), Italia<br \/>\nProiezione di cortometraggi<\/p>\n<p><strong>22 APRILE 2018<br \/>\nGIORNATA DELLA TERRA<br \/>\n<\/strong>Amantea (CS), Italia<br \/>\nProiezione di cortometraggi<br \/>\ndi tematica ambientalista<\/p>\n<p><strong>20-25 MARZO 2018<br \/>\nSHORT WAVES FESTIVAL<br \/>\n<\/strong>Poznan, Polonia<br \/>\nPartecipazione del nostro direttore<br \/>\nartistico come parte della giuria<\/p>\n<p><strong>5 FEBBRAIO 2018<br \/>\nFESTIVALS IN PERSON<br \/>\n<\/strong>Clermont-Ferrand, Francia<br \/>\nIncontro con registi e produttori al mercato<br \/>\ndel cortometraggio del festival di Clermont-Ferrand<\/p>\n<p><strong>21 DICEMBRE 2017<br \/>\nGUARIMBA PER LO IUS SOLI<br \/>\n<\/strong>Firenze (FI), Italia<br \/>\nProiezione di una selezione di cortometraggio sullo ius soli<br \/>\norganizzata da alcuni comitati di Possibile<\/p>\n<p><strong>18 DICEMBRE 2017<br \/>\n<\/strong><strong>GUARIMBA CONTRO LA VIOLENZA SULLE DONNE<br \/>\n<\/strong>Firenze (FI), Italia<br \/>\nProiezione di una selezione di cortometraggi contro la violenza<br \/>\nsulle donne organizzata dal\u00a0<strong>Coordinamento donne Fisac Cgil<\/strong><\/p>\n<p><strong>6-10 DICEMBRE 2017<br \/>\nLEUVEN INTERNATIONAAL KORTFILMFESTIVAL<br \/>\n<\/strong>Leuven, Belgio<br \/>\nPartecipazione del nostro direttore artistico come parte della giuria<\/p>\n<p><strong>20-25 NOVEMBRE 2017<br \/>\nINTERFILM BERLIN<br \/>\n<\/strong>Berlino, Germania<br \/>\nOspiti in qualit\u00e0 di partner del festival<\/p>\n<p><strong>17 NOVEMBRE 2017<\/strong><br \/>\n<strong>CORK FILM FESTIVAL<\/strong><strong style=\"font-family: -apple-system, BlinkMacSystemFont, 'Segoe UI', Roboto, Oxygen-Sans, Ubuntu, Cantarell, 'Helvetica Neue', sans-serif;\"><br \/>\n<\/strong><span style=\"font-family: -apple-system, BlinkMacSystemFont, 'Segoe UI', Roboto, Oxygen-Sans, Ubuntu, Cantarell, 'Helvetica Neue', sans-serif;\">Cork, Irlanda<br \/>\nRelatori al panel &#8220;CURATING DOCUMENTARY \u2013 THE IMPORTANCE OF<br \/>\nFESTIVALS TO THE LIFE OF NON-FICTION FILM&#8221;)<\/span><\/p>\n<p><b>12-26 NOVEMBRE 2017<br \/>\nCERTAMEN INTERNACIONAL CORTOS SORIA<br \/>\n<\/b>Soria, Spagna<b><br \/>\n<\/b>Proiezione della selezione per bambini &#8220;<a href=\"https:\/\/www.laguarimba.com\/it\/lagrottadeipiccoli\/\">La Grotta dei Piccoli<\/a>&#8221;<\/p>\n<p><strong>27 OTTOBRE 2017<br \/>\nDialogo tra accessibilit\u00e0, inclusione e coinvolgimento<br \/>\n<\/strong>Trento (TN), Italia<br \/>\nTalk sulla cooperazione per iniziative culturali<\/p>\n<p><strong>13, 14, 15 OTTOBRE 2017<br \/>\nPERIFERIE ANIMATE<br \/>\n<\/strong>Bari (BA), Italia<br \/>\nProiezione della selezione per bambini &#8220;<a href=\"https:\/\/www.laguarimba.com\/it\/lagrottadeipiccoli\/\">La Grotta dei Piccoli<\/a>&#8221;<\/p>\n<p><b>19, 20, 21\u00a0AGOSTO 2017<br \/>\nCLETO FESTIVAL<br \/>\n<\/b>Cleto\u00a0(CS), Italia<b><br \/>\n<\/b>Proiezione di cortometraggi per tutti e Mostra di Illustratori[\/vc_column_text][\/vc_tta_section][\/vc_tta_accordion][\/vc_column][vc_column width=&#8221;1\/2&#8243;][vc_column_text css=&#8221;.vc_custom_1539444537122{border-top-width: 3px !important;border-right-width: 3px !important;border-bottom-width: 3px !important;border-left-width: 3px !important;padding-bottom: 15px !important;background-color: #ffffff !important;background-position: 0 0 !important;background-repeat: repeat !important;border-left-color: #000000 !important;border-left-style: solid !important;border-right-color: #000000 !important;border-right-style: solid !important;border-top-color: #000000 !important;border-top-style: solid !important;border-bottom-color: #000000 !important;border-bottom-style: solid !important;}&#8221;]\n<p style=\"text-align: center;\"><a href=\"http:\/\/www.laguarimba.com\/wp-content\/uploads\/media\/ontour.pdf\"><span style=\"font-size: 14pt;\"><b>QUI TROVI TUTTO QUELLO CHE C&#8217;\u00c8 DA<br \/>\nSAPERE SUL TOUR GUARIMBERO<\/b><\/span><\/a><\/p>\n<p style=\"text-align: center;\"><span style=\"font-size: 14pt;\"><strong>Vuoi prenotare una data del tour?<br \/>\nCompila il <a href=\"http:\/\/www.laguarimba.com\/lavventura\">form<\/a><\/strong><\/span><\/p>\n[\/vc_column_text][vc_tta_accordion][vc_tta_section title=&#8221;Requisiti minimi richiesti&#8221; tab_id=&#8221;1539443929591-7add7736-260b&#8221;][vc_column_text]<span style=\"font-size: 14pt;\"><span style=\"font-family: -apple-system, BlinkMacSystemFont, 'Segoe UI', Roboto, Oxygen-Sans, Ubuntu, Cantarell, 'Helvetica Neue', sans-serif;\">-Trasporto (incluse spese di autobus\/taxi dall&#8217;aeroporto)<br \/>\n<\/span>da dove siamo fino al luogo che ci ospita (andata e ritorno)<br \/>\n<\/span><br \/>\n<span style=\"font-size: 14pt;\"><span style=\"font-family: -apple-system, BlinkMacSystemFont, 'Segoe UI', Roboto, Oxygen-Sans, Ubuntu, Cantarell, 'Helvetica Neue', sans-serif;\">-Alloggio per i giorni dell&#8217;evento<\/span><\/span><\/p>\n<p><span style=\"font-family: -apple-system, BlinkMacSystemFont, 'Segoe UI', Roboto, Oxygen-Sans, Ubuntu, Cantarell, 'Helvetica Neue', sans-serif; font-size: 14pt;\">-Colazione, pranzo e cena<\/span>[\/vc_column_text][\/vc_tta_section][\/vc_tta_accordion][\/vc_column][\/vc_row][vc_row][vc_column][vc_column_text css=&#8221;&#8221;]\n<p style=\"text-align: justify;\">DOVE SIAMO STATI: New York (USA), Chicago (USA), San Francisco (USA), New Orleans (USA), Ismailia (Egitto), Stepanavan (Armenia), Medell\u00edn (Colombia), Caracas (Venezuela), Nicosia (Cipro), Sharjah (EAU), Malaga (Spagna), Barcellona (Spagna), Madrid (Spagna), Formentera (Spagna), Clermont-Ferrand (Francia), Milano (Italia), Trento (Italia), Pompei (Italia), Castiglione Delle Stiviere (Italia), Cleto (Italia), Favara (Italia), San Vito Dei Normanni (Italia), Lecce (Italia), Cosenza (Italia), Catanzaro (Italia), Riva del Garda (Italia), Salerno (Italia), Lubiana (Slovenia), Berlino (Germania).<\/p>\n[\/vc_column_text][\/vc_column][\/vc_row]\n<\/div>","protected":false},"excerpt":{"rendered":"<p>[vc_row][vc_column][vc_column_text] La Guarimba On Tour \u00e8 un progetto itinerante che offre diverse attivit\u00e0 culturali: proiezioni di cinema, laboratori di gestione culturale, illustrazione e ambientalismo, realizzazione di murales e allestimento di mostre di illustrazione. La Guarimba IFF, una selezione di Fiction, Animazione, Documentario, Videoclip e Sperimentale;\u00a0La Grotta dei Piccoli, una selezione di cortometraggi di Animazione per [&hellip;]<\/p>\n","protected":false},"author":1,"featured_media":32565,"parent":0,"menu_order":0,"comment_status":"closed","ping_status":"closed","template":"page-full-width.php","meta":{"jetpack_post_was_ever_published":false,"footnotes":""},"class_list":["post-28825","page","type-page","status-publish","has-post-thumbnail","hentry"],"jetpack_shortlink":"https:\/\/wp.me\/P4S7Ao-7uV","jetpack_sharing_enabled":true,"_links":{"self":[{"href":"https:\/\/www.laguarimba.com\/it\/wp-json\/wp\/v2\/pages\/28825","targetHints":{"allow":["GET"]}}],"collection":[{"href":"https:\/\/www.laguarimba.com\/it\/wp-json\/wp\/v2\/pages"}],"about":[{"href":"https:\/\/www.laguarimba.com\/it\/wp-json\/wp\/v2\/types\/page"}],"author":[{"embeddable":true,"href":"https:\/\/www.laguarimba.com\/it\/wp-json\/wp\/v2\/users\/1"}],"replies":[{"embeddable":true,"href":"https:\/\/www.laguarimba.com\/it\/wp-json\/wp\/v2\/comments?post=28825"}],"version-history":[{"count":75,"href":"https:\/\/www.laguarimba.com\/it\/wp-json\/wp\/v2\/pages\/28825\/revisions"}],"predecessor-version":[{"id":57237,"href":"https:\/\/www.laguarimba.com\/it\/wp-json\/wp\/v2\/pages\/28825\/revisions\/57237"}],"wp:featuredmedia":[{"embeddable":true,"href":"https:\/\/www.laguarimba.com\/it\/wp-json\/wp\/v2\/media\/32565"}],"wp:attachment":[{"href":"https:\/\/www.laguarimba.com\/it\/wp-json\/wp\/v2\/media?parent=28825"}],"curies":[{"name":"wp","href":"https:\/\/api.w.org\/{rel}","templated":true}]}}