{"id":44359,"date":"2020-08-14T18:26:35","date_gmt":"2020-08-14T18:26:35","guid":{"rendered":"https:\/\/www.laguarimba.com\/edition2020\/"},"modified":"2021-04-07T07:24:17","modified_gmt":"2021-04-07T07:24:17","slug":"edizione2020","status":"publish","type":"page","link":"https:\/\/www.laguarimba.com\/it\/edizione2020\/","title":{"rendered":"Edizione 2020"},"content":{"rendered":"<div class=\"wpb-content-wrapper\">[vc_row][vc_column][vc_single_image image=&#8221;44366&#8243; img_size=&#8221;full&#8221;][vc_column_text]\r\n<p style=\"text-align: justify;\">L\u2019ottava edizione de La Guarimba film festival si \u00e8 tenuta dal <strong>7 al 12 agosto 2020<\/strong> ad Amantea, registrando pi\u00f9 di 3000 presenze in 6 giorni, proiettando <strong>170 cortometraggi<\/strong> provenienti da <strong>54 paesi<\/strong>.<\/p>\r\n<p style=\"text-align: justify;\">La decisione di organizzare il festival in questo periodo cos\u00ec complesso, nel mezzo di una <strong>pandemia globale<\/strong> e in un <strong>comune sciolto per mafia<\/strong>, \u00e8 risultata vincente e ha incontrato un pubblico educatissimo che ha mostrato rigore verso le regole anticovid manifestandosi al tempo stesso entusiasta di poter tornare a condividere visioni e godere del cinema sotto le stelle. Mai come quest\u2019anno sembra essenziale e auspicabile la missione di riportare \u201cil cinema alla gente e la gente al cinema\u201d, riaccendendo il cinematografo nella citt\u00e0 senza sale e contribuendo a sfatare il mito della Calabria come terra dell\u2019impossibile. L\u2019edizione numero VIII de La Guarimba non ha solamente offerto ad Amantea cinque serate di cinema all\u2019aperto ad ingresso libero ma ha condotto una vera e propria <strong>battaglia di civilt\u00e0 e legalit\u00e0<\/strong> che oggi pu\u00f2 affermare di avere vinto.<\/p>\r\n<p style=\"text-align: justify;\">La Guarimba International Film Festival 2020 ha ricevuto la <strong>Medaglia di Rappresentanza dal Presidente della Repubblica Sergio Mattarella<\/strong>, <strong>l&#8217;Alto Patrocinio del Parlamento Europeo <\/strong>e<strong> il Patrocinio della Presidenza del Consiglio dei Ministri<\/strong>; \u00e8 stata realizzata grazie al <strong>sostegno del MiBACT<\/strong>, dell\u2019<strong>Ambasciata de Gli Stati Uniti<\/strong>, <strong>Ambasciata del Regno dei Paesi Bassi, Ambasciata dell\u2019Irlanda, Ambasciata della Germania<\/strong>, <strong>Ambasciata del Canada<\/strong>, <strong>Ambasciata d\u2019Australia<\/strong>, <strong>Ambasciata della Norvegia,<\/strong> <strong>Ambasciata\u00a0 di Svezia<\/strong>, dalla <strong>Rappresentanza del Governo delle Fiandre in Italia<\/strong>,\u00a0 dal <strong>Forum Austriaco di Cultura Roma<\/strong> e dall&#8217;<strong>Istituto Culturale Coreano<\/strong>, segno di una significativa cooperazione internazionale e principale obiettivo del Festival, quello di veicolare la cultura per promuovere valori di democrazia partecipativa, integrazione e accessibilit\u00e0.<\/p>\r\n<p style=\"text-align: justify;\">Un importante contributo per la realizzazione dell\u2019evento sono gli sponsor dal settore privato: <strong>GIPHY Arts<\/strong>, <strong>Mediacare Spa<\/strong>,<strong> G-Technology<\/strong> \u2013 quest\u2019ultima garantisce i dischi rigidi per archiviare e proiettare il materiale video \u2013 e <strong>Mini<\/strong> che dar\u00e0 un suo contributo al Festival mettendo a disposizione due Mini Clubman. Tra gli sponsor anche <strong>Fichi Marano<\/strong> e <strong>Grafiche Calabria<\/strong>, due aziende calabresi che hanno deciso di scommettere nel festival anche in questo particolare momento storico.<\/p>\r\n[\/vc_column_text][vc_single_image image=&#8221;44205&#8243; img_size=&#8221;full&#8221;][vc_column_text]\r\n<p style=\"text-align: justify;\"><\/p>\r\n<\/p>\r\n\r\n<p style=\"text-align: justify;\"><strong><u>LA GUARIMBA ONLINE<br \/><\/u><\/strong>Le conferenze per l\u2019industria cinematografica emergente ospitate solitamente tenute durante il festival di Amantea, quest\u2019anno sono state trasformate in <strong>masterclasses e workshop online<\/strong> proposte nei mesi precedenti al festival, in collaborazione con i nostri partner, per dare continuit\u00e0 alla nostra missione educativa, garantendo al nostro pubblico strumenti utili per i propri percorsi e allo stesso modo permettendo di raggiungere un pubblico pi\u00f9 ampio.<\/p>\r\n<p style=\"text-align: justify;\"><span style=\"text-decoration: underline;\">Ecco l\u2019elenco completo:<br \/><\/span><strong>6 GIUGNO &#8211; FUNDRAISING FOR DOCUMENTARIES <\/strong><br \/>con Anayansi Prado<br \/>in collaborazione con AFS, USC e Ambasciata degli Stati Uniti d\u2019America in Italia<\/p>\r\n<p style=\"text-align: justify;\"><strong>20 GIUGNO &#8211; WORK RIGHTS IN THE MUSIC VIDEO INDUSTRY <\/strong><br \/>con Maegan Houang e Miranda Tiano<br \/>in collaborazione con WE DIRECT MUSIC VIDEOS<\/p>\r\n<p style=\"text-align: justify;\"><strong>4 LUGLIO &#8211; IL GESTO SERIALE un\u2019indagine sul cambiamento<\/strong><br \/>con Maurizio Amendola<br \/>in collaborazione con Scuola Holden<\/p>\r\n<p style=\"text-align: justify;\"><strong>17 LUGLIO &#8211; HOW CAN CREATORS, THINKERS AND LEADERS SERVE THE ENVIRONMENT<\/strong><br \/>con Cyrill Gutsch<br \/>in collaborazione con Parley for the Oceans<\/p>\r\n<p style=\"text-align: justify;\"><strong>18 LUGLIO &#8211; TOUR DIGITALE DI AMANTEA<\/strong><br \/>in collaborazione con Joy of Rome<br \/>con Francesca Pagliaro e Alberto Pati<\/p>\r\n[\/vc_column_text][vc_single_image image=&#8221;44213&#8243; img_size=&#8221;full&#8221;][vc_column_text]\r\n<p style=\"text-align: justify;\">La Guarimba Film Festival ha inaugurato con un emozionante tributo <strong>a Ennio Morricone<\/strong> a cura dell\u2019<strong>Orchestra dei Fiati Mediterranea<\/strong>, che ha regalato ad Amantea un momento magico accompagnato dalle immagini dei film pi\u00f9 iconici della carriera del maestro.<br \/>La <strong>selezione ufficiale<\/strong> ha presentato undici cortometraggi appartenenti alle diverse categorie di Fiction, Documentario, Animazione, Videoclip e provenienti da tutto il mondo, divisi nei due slot di programmazione.<\/p>\r\n[\/vc_column_text][vc_column_text]\r\n<p style=\"text-align: justify;\">La seconda parte della serata \u00e8 stata introdotta da <strong>Laura Gabrielaityt\u0117-Kazul\u0117nien\u0117 e Tomas Kazulenas<\/strong>, addetti alla Cultura dell&#8217;<strong>Ambasciata della Lituania<\/strong>, che hanno presentato il corto &#8220;Community Gardens&#8221; della regista lituana Vytautas Katkus, in concorso a la Semaine de la Critique di Cannes e \u201cThe milkshake bar\u201d di Urt\u0117 Oettinger, selezionato nel programma de \u201cLa Grotta dei piccoli\u201d.<\/p>\r\n[\/vc_column_text][vc_single_image image=&#8221;44243&#8243; img_size=&#8221;full&#8221;][vc_column_text]\r\n<p style=\"text-align: justify;\">Contemporanea allo schermo principale \u201c<strong>La Grotta dei piccoli<\/strong>\u201d ha proiettato cortometraggi di animazione dedicati al piccolo pubblico, alla presenza di Tam\u00e1s Reb\u00e1k, regista ungherese di \u201cEscape velocity\u201d, in concorso in questa sezione del festival. La selezione dei 100 cortometraggi per bambini e ragazzi, a cura di Valeria Weerasinghe, \u00e8 un vero e proprio festival dentro il festival realizzato in collaborazione di Unicef Italia.<\/p>\r\n<p style=\"text-align: justify;\">Per i pi\u00f9 coraggiosi, la serata \u00e8 proseguita in spiaggia, dove alle 2:00 del mattino sono stati proiettati i cortometraggi della selezione di cinema sperimentale \u201c<strong>Insomnia<\/strong>\u201d, a cura di Alex Spagnolo.<\/p>\r\n[\/vc_column_text][vc_single_image image=&#8221;44225&#8243; img_size=&#8221;full&#8221;][vc_column_text]\r\n<p style=\"text-align: justify;\">La serata ha registrato <strong>oltre 500 presenze<\/strong>, confermando la missione del festival di riportare la gente al cinema e il cinema alla gente, nella magica atmosfera del <strong>Parco La Grotta<\/strong> di Amantea, aperto il sei agosto dopo mesi di chiusura, grazie all\u2019impegno della squadra e dei volontari de La Guarimba, che hanno lavorato per ottenere l\u2019agibilit\u00e0 di questo importante bene storico: abbiamo fatto lavori di pulizia, messo in sicurezza i giochi dei bambini, tagliato erba, zappato, riparato e pulito i bagni, aggiustato lampadine, e raccolto 900 euro di donazioni che abbiamo investito nel parco.<\/p>\r\n[\/vc_column_text][vc_column_text]\r\n<p><strong><u>SECONDO GIORNO<\/u><\/strong>[\/vc_column_text][vc_single_image image=&#8221;44231&#8243; img_size=&#8221;full&#8221;][vc_column_text]\r\n<p style=\"text-align: justify;\"><\/p>\r\n<p style=\"text-align: justify;\"><\/p>\r\n<p style=\"text-align: justify;\"><span style=\"font-size: inherit;\">La seconda serata del festival internazionale di cortometraggi La Guarimba ha mostrato cortometraggi in concorso provenienti da ogni angolo del mondo.<br \/><\/span>Ospite della serata <strong>Ingrid Liavaag<\/strong>, regista del norvegese \u201cFisk\u201d, che ha introdotto la proiezione al pubblico di Amantea. Il corto, in concorso nella sezione Fiction, racconta la storia di Sarah, affetta da grave eczema che trasforma la sua pelle in squame di pesce.<\/p>\r\n<p style=\"text-align: justify;\">Come ogni anno, all\u2019interno del parco \u00e8 visitabile la mostra \u201c<strong>Artists for La Guarimba<\/strong>\u201d, che seleziona tutti gli anni 15 illustratori internazionali ai quali \u00e8 chiesto di realizzare una locandina che promuovi la nuova edizione del festival attraverso la propria personale interpretazione della scimmia guarimbera, simbolo e portavoce dell\u2019iniziativa.<\/p>\r\n[\/vc_column_text][vc_single_image image=&#8221;44237&#8243; img_size=&#8221;full&#8221;][vc_column_text]\r\n<p style=\"text-align: justify;\"><!-- \/wp:post-content --><\/p>\r\n<p style=\"text-align: justify;\"><!-- wp:image {\"id\":44229,\"sizeSlug\":\"large\"} \/-->Gli artisti coinvolti nella mostra sono Mikel Murillo (Spagna), Aicha El Beloui (Marocco), Yeye Weller (Germania), Valeria Weerasinghe (Italia), Federico Manzone (Italia),\u00a0Ram\u00f3n Amor\u00f3s (Argentina), Meredith Jensen (Stati Uniti),\u00a0Juan Molinet (Argentina), Andra Badea (Romania), Bistra Masseva (Bulgaria),\u00a0Konrad Czernik\u00a0(Polonia) Helena Bonastre (Spagna),\u00a0Gizenth (Colombia), Sara Cifuentes (Colombia), Raman Djafari (Germania).<\/p>\r\n[\/vc_column_text][vc_single_image image=&#8221;44346&#8243; img_size=&#8221;full&#8221;][vc_column_text]<!-- \/wp:image --><\/p>\r\n<p style=\"text-align: justify;\"><!-- \/wp:tadv\/classic-paragraph --><\/p>\r\n<!-- wp:image {\"id\":44235,\"sizeSlug\":\"large\"} -->\r\n<p style=\"text-align: justify;\"><!-- \/wp:image --><\/p>\r\n<!-- wp:tadv\/classic-paragraph -->\r\n<p style=\"text-align: justify;\">Tra il pubblico della serata <strong>Abbas Mian Nadeem<\/strong>, finalmente libero dopo la triste vicenda che lo ha avuto protagonista. Il pakistano con regolare permesso di soggiorno era stato deportato nel Cara (Centro di accoglienza per richiedenti asilo) di Crotone il 16 luglio scorso per un errore ancora da chiarire ed \u00e8 riuscito a tornare ad Amantea proprio grazie all\u2019Associazione La Guarimba che si \u00e8 mossa dal primo momento per ristabilire le garanzie costituzionali di Abbas.<\/p>\r\n<p style=\"text-align: justify;\"><!-- \/wp:tadv\/classic-paragraph --><\/p>\r\n<!-- wp:image {\"id\":44241,\"sizeSlug\":\"large\"} -->\r\n<p style=\"text-align: justify;\"><!-- \/wp:image --><\/p>\r\n<!-- wp:tadv\/classic-paragraph -->\r\n<p style=\"text-align: justify;\"><!-- \/wp:tadv\/classic-paragraph --><\/p>\r\n<!-- wp:image {\"id\":44247,\"sizeSlug\":\"large\"} -->\r\n<p style=\"text-align: justify;\"><!-- \/wp:image --><\/p>\r\n<p><!-- wp:tadv\/classic-paragraph -->[\/vc_column_text][vc_single_image image=&#8221;44249&#8243; img_size=&#8221;full&#8221;][vc_column_text]\r\n<p style=\"text-align: justify;\">Questa storia, ha incuriosito la regista olandese <strong>Laura Hermanides<\/strong>, una delle artiste selezionate per il progetto \u201c<strong>Artists in Residency<\/strong>\u201d, che sta approfondendo la questione con l\u2019obiettivo di girare un cortometraggio insieme a Luuk Hoogstraten e Tommaso Stingo.<\/p>\r\n[\/vc_column_text][vc_column_text]<!-- \/wp:image --><\/p>\r\n<p style=\"text-align: justify;\"><!-- \/wp:tadv\/classic-paragraph --><\/p>\r\n<!-- wp:image {\"id\":44229,\"sizeSlug\":\"large\"} --><!-- \/wp:image -->\r\n<p style=\"text-align: justify;\"><strong><u>TERZO GIORNO<\/u><\/strong><\/p>\r\n<p style=\"text-align: justify;\">La terza serata de La Guarimba Film Festival \u00e8 proseguita con grande successo di pubblico proponendo la proiezione di 10 film, tra i 160 in concorso, a partire dalle 21.00 al Parco La Grotta. Dal Regno Unito a Singapore, passando\u00a0per il Belgio e la Svezia, il pubblico de La Guarimba ha assistito al singolare sguardo di registi provenienti da ogni dove.<\/p>\r\n<p style=\"text-align: justify;\">Novit\u00e0 dell\u2019edizione di quest\u2019anno <strong>Giphy Arts<\/strong> ha voluto finanziare un contest per la Miglior Gif della Guarimba Film Festival 2020 e le 416 GIF iscritte al concorso sono proiettate durante la pausa tra i due slot in un superloop realizzato per questa edizione. Per l\u2019occasione l\u2019artista lametino <strong>N.A.I.P.<\/strong> ha composto la colonna sonora originale, che accompagna le immagini sullo schermo.<\/p>\r\n[\/vc_column_text][\/vc_column][\/vc_row][vc_row][vc_column][vc_video link=&#8221;https:\/\/www.youtube.com\/watch?v=KbgOqFwNMG8&amp;feature=youtu.be&#8221;][\/vc_column][\/vc_row][vc_row][vc_column][vc_column_text]\r\n<p style=\"text-align: justify;\">Durante la quarta giornata di festival, <strong>Maria Clara Macr\u00ec<\/strong>, fotografa di Reggio Emilia in residenza a La Guarimba, ha continuato il suo racconto del festival attraverso le fotografie dello staff e i volontari al Parco La Grotta.<\/p>\r\n[\/vc_column_text][vc_single_image image=&#8221;44340&#8243; img_size=&#8221;full&#8221;][\/vc_column][\/vc_row][vc_row][vc_column][vc_column_text]<strong><u>QUARTO GIORNO<\/u><\/strong>[\/vc_column_text][\/vc_column][\/vc_row][vc_row][vc_column][vc_single_image image=&#8221;44352&#8243; img_size=&#8221;full&#8221;][vc_column_text]\r\n<p style=\"text-align: justify;\">La programmazione degli undici corti della serata \u00e8 stata introdotta da un ospite speciale: anche quest\u2019anno \u00e8 arrivato ad Amantea <strong>Dario Brunori<\/strong> che ci ha ricordato quanto sia importante non perdere l\u2019idea e l\u2019importanza dell\u2019aggregazione anche in questo momento di difficolt\u00e0. L\u2019emergenza sanitaria non deve diventare un pretesto per rinunciare alla socialit\u00e0 e rimanere chiusi nelle quattro mura di casa, dove tutto ormai sembra cos\u00ec accessibile. Per questo oggi \u00e8 ancora pi\u00f9 importante sostenere realt\u00e0 che si spendono perch\u00e9 questo continui ad essere possibile, come la Guarimba.<\/p>\r\n[\/vc_column_text][\/vc_column][\/vc_row][vc_row][vc_column][vc_column_text]\r\n<p style=\"text-align: justify;\"><strong><u>QUINTO GIORNO<\/u><\/strong><\/p>\r\n<p style=\"text-align: justify;\">La quinta serata del festival \u00e8 stata l\u2019ultima dedicata alle opere in concorso, concludendo la selezione di corti di fiction, animazione, documentari e video musicali. \u00c8 stata questa l\u2019ultima occasione per il pubblico di votare il corto favorito, premiato con il premio del pubblico, da quest\u2019anno dedicato a <strong>Vitaliano Camarca<\/strong>, editore, giornalista, scrittore e operatore culturale che \u201cha portato il cinema\u201d ad Amantea inaugurando nel 1964 la rassegna del Film Mediterraneo nella mitica Arena Sicoli, location del primo anno del festival La Guarimba.<\/p>\r\n<p style=\"text-align: justify;\">L\u201911 agosto in seconda serata \u00e8 andato in onda su Rai 4 lo speciale \u201c<strong>Wonderland<\/strong>\u201d che ha proposto una puntata tutta dedicata a La Guarimba con una selezione di cortometraggi scelti tra i titoli in programma nell\u2019edizione 2020 pi\u00f9 in sintonia con la linea editoriale del magazine e del canale<\/p>\r\n[\/vc_column_text][\/vc_column][\/vc_row][vc_row][vc_column][vc_column_text]\r\n<p style=\"text-align: justify;\"><strong><u>SESTO GIORNO<\/u><\/strong><\/p>\r\n<p style=\"text-align: justify;\">L\u2019ottava edizione de La Guarimba Film festival si \u00e8 conclusa con <strong>le premiazioni<\/strong> delle diverse categorie in concorso e la proiezione dei tre <strong>programmi fuori concorso<\/strong>.<\/p>\r\n[\/vc_column_text][\/vc_column][\/vc_row][vc_row][vc_column][vc_images_carousel images=&#8221;44334,44328,44322,44316,44310,44304,44298,44292,44286&#8243; img_size=&#8221;full&#8221; onclick=&#8221;link_no&#8221; autoplay=&#8221;yes&#8221; hide_pagination_control=&#8221;yes&#8221; wrap=&#8221;yes&#8221;][\/vc_column][\/vc_row][vc_row][vc_column][vc_column_text]\r\n<p style=\"text-align: justify;\"><strong><u>I VINCITORI<\/u><\/strong><\/p>\r\n<p style=\"text-align: justify;\">Per la sezione\u00a0<strong>Fiction<\/strong>\u00a0si \u00e8 aggiudicato il premio\u00a0<em>El Puente de los Ni\u00f1os Traviesos\u00a0<\/em>del regista messicano Fabi\u00e1n Le\u00f3n L\u00f3pez, film capace di raccontare l\u2019influenza del luogo in cui si vive, specie nel complicato periodo dell\u2019adolescenza.<\/p>\r\n<p style=\"text-align: justify;\">Il miglior corto di\u00a0<strong>Animazione<\/strong>\u00a0arriva invece dalla Svizzera:\u00a0<em>Why Slugs have no Legs\u00a0<\/em>di Aline H\u00f6chli, una critica al capitalismo per una sezione in crescita che ogni anno a La Guarimba mostra sempre pi\u00f9 talento sia dal punto di vista tecnico che artistico.<\/p>\r\n<p style=\"text-align: justify;\">Dalla Svizzera arriva anche il miglior corto per la sezione\u00a0<strong>Documentario<\/strong>\u00a0con\u00a0<em>All Cats are Grey in the Dark\u00a0<\/em>di Lasse Linder, un film che racconta in maniera ironica quanto drammatica la solitudine e l\u2019ossessione dell\u2019uomo.<\/p>\r\n<p style=\"text-align: justify;\">\u00c8<em>\u00a0Traveler\u00a0<\/em>di Raman Djafari &amp; Daniel Almagor invece il miglior\u00a0<strong>Video musicale<\/strong> de La Guarimba 2020. Arrivato dalla Germania il videoclip attraverso la tecnica del 2D e 3D \u00e8 in grado di raccontare i nuovi processi tecnologici dell\u2019animazione.<\/p>\r\n<p style=\"text-align: justify;\">La sezione sperimentale\u00a0<strong>Insomnia\u00a0<\/strong>invece \u00e8 stata vinta da <em>Don\u2019t Know What<\/em> dell\u2019austriaco Thomas Renoldner, performer e regista di un particolare lavoro, protagonista anche di mostre d\u2019arte contemporanea, in grado di uscire fuori dall\u2019ambito prettamente cinematografico.<\/p>\r\n<p style=\"text-align: justify;\">La competizione de\u00a0<strong>La Grotta dei piccoli<\/strong>, il festival nel festival ideato per i piccoli spettatori a\u00a0cura di\u00a0Valeria Weerasinghe\u00a0e realizzato con Unicef Italia, \u00e8 stata vinta da Lia Bertels (Belgio\/Portogallo) per il corto\u00a0<em>And yet we\u2019re not superheroes<\/em>: un viaggio nello straordinario immaginario di tre piccoli filosofi.<\/p>\r\n<p style=\"text-align: justify;\">Il\u00a0premio <strong>Nonna Saveria<\/strong>, prima spettatrice del festival e nonna dei guarimberi, ha dato il merito a\u00a0<em>Year of the robot<\/em> di Yves Gellie (Francia \/ Belgio).\u00a0 Un film proiettato nel futuro prossimo dove i robot sostituiscono gli esseri umani impiegati in un centro geriatrico.<\/p>\r\n<p style=\"text-align: justify;\">Il pubblico de La Guarimba ha assegnato invece il\u00a0premio Vitaliano Camarca a\u00a0<em>Maradona\u2019s Legs<\/em>\u00a0di Firas Khoury (Germania\/Palestina). Il film racconta la storia di due giovani palestinesi alla presa con le ricerche delle gambe del Pibe de Oro.<\/p>\r\n<p style=\"text-align: justify;\">La miglior creazione di Gif per il\u00a0contest di\u00a0Giphy Arts, la piattaforma americana pi\u00f9 grande al mondo per la creazione di GIF animate, \u00e8 stata invece assegnata a<em>\u00a0Harriet Lenneman<\/em>, USA.<\/p>\r\n[\/vc_column_text][\/vc_column][\/vc_row][vc_row][vc_column][vc_column_text]<strong><u>SEZIONI FUORI CONCORSO <\/u><\/strong><strong><u>E PROGRAMMI SPECIALI<\/u><\/strong>[\/vc_column_text][vc_single_image image=&#8221;44274&#8243; img_size=&#8221;full&#8221;][vc_column_text]\r\n<p style=\"text-align: justify;\">Dopo le premiazioni, la serata \u00e8 proseguita con <strong>MigrArti<\/strong>, la sezione dedicata agli italiani di seconda generazione, presentata dal suo ideatore, <strong>Paolo Masini<\/strong>. Il progetto, dal quale La Guarimba ha preso ispirazione, \u00e8 infatti nato nel 2016 da un\u2019idea di Masini con l\u2019obiettivo di coinvolgere le comunit\u00e0 di immigrati stabilmente residenti in Italia. In programma anche il corto del calabrese Natalino Zangaro che ha presentato al pubblico il suo \u201cSchiavonea\u201d: nel mercato del pesce adibito a centro d\u2019accoglienza provvisorio l\u2019incontro tra due giovani, Vincenzo e Ayana, segner\u00e0 per sempre le loro vite.<\/p>\r\n[\/vc_column_text][vc_single_image image=&#8221;44280&#8243; img_size=&#8221;full&#8221;][vc_column_text]\r\n<p style=\"text-align: justify;\"><strong>Americania<\/strong>, la categoria curata da Sam Morrill ha poi proposto in anteprima mondiale film girati durante il lockdown come \u201cDelivered\u201d di Law Chen che racconta il dramma dei driver, migliaia di lavoratori invisibili messi a rischio per consegnare il cibo durante l\u2019emergenza sanitaria. Dagli States arriva anche il corto di Spike Lee \u201cNew York New York\u201d, una dichiarazione d\u2019amore da parte del regista al popolo della grande mela. In proiezione anche il film ancora inedito <em>&#8220;We are George Floyd&#8221; <\/em>di Julian Micheaux Marshall: il racconto della travolgente risposta della citt\u00e0 di New York all&#8217;uccisione di Floyd.<\/p>\r\n[\/vc_column_text][vc_single_image image=&#8221;44268&#8243; img_size=&#8221;full&#8221;][vc_column_text]\r\n<p style=\"text-align: justify;\">A chiudere la serata \u00e8 stata la sezione <strong>Karmala<\/strong>, curata da Keba Danso con l\u2019obiettivo di dare visibilit\u00e0 al cinema dell\u2019Africa Sub-Sahariana. Quest\u2019anno <em>Karmala <\/em>ha deciso di proiettare \u201c<em>La Petite vendeuse de soleil\u201d<\/em> per rendere omaggio al regista, compositore e attore senegalese <strong>Djibril Diop Mamb\u00e9ty<\/strong>, noto per il suo distinto stile surrealista e la sua affascinante interpretazione di temi come la politica, il potere, la ricchezza e le condizioni sociali in Africa.<\/p>\r\n[\/vc_column_text][\/vc_column][\/vc_row][vc_row][vc_column][vc_column_text]\r\n<p style=\"text-align: justify;\"><strong><u>IMPATTO MEDIATICO<\/u><\/strong><\/p>\r\n<p style=\"text-align: justify;\">La Guarimba quest\u2019anno ha potuto contare su di una comunicazione capillare e internazionale, attirando testate come <a href=\"https:\/\/www.nytimes.com\/2020\/07\/05\/world\/europe\/coronavirus-italy-outdoor-movies-festivals.html\">The New York Times<\/a>, <a href=\"https:\/\/www.laguarimba.com\/wp-content\/uploads\/press\/corrieredellasera_1_2020.pdf\">Il Corriere della Sera<\/a>, <a href=\"https:\/\/www.laguarimba.com\/wp-content\/uploads\/press\/alias_manifesto2020.pdf\">Il Manifesto<\/a>, <a href=\"https:\/\/www.repubblica.it\/spettacoli\/cinema\/2020\/05\/31\/news\/le_storie_dei_rider_e_della_new_york_del_lockdwon_al_guarimba_film_festival_di_amantea-258022280\/\">Repubblica<\/a>, Libero e interviste su <a href=\"https:\/\/www.raiplayradio.it\/audio\/2020\/08\/LaposITALIA-IN-DIRETTA-4771e89b-b71b-41ad-8afb-ed1fd5ee2828.html\">Rai Radio 1<\/a> e Rai 3, senza dimenticare la dimensione regionale con articoli su quotidiani cartacei e online locali dal Quotidiano del sud alla Gazzetta del mezzogiorno. LaCNews e Il <a href=\"https:\/\/www.rainews.it\/tgr\/calabria\/notiziari\/index.html?\/tgr\/video\/2020\/08\/ContentItem-26a63986-1e07-4e2c-a205-a011bf506411.html\">TG regionale<\/a> ci hanno dedicato alcuni servizi in diverse giornate del festival.<\/p>\r\n[\/vc_column_text][\/vc_column][\/vc_row][vc_row][vc_column][vc_single_image image=&#8221;44262&#8243; img_size=&#8221;full&#8221;][vc_column_text]\r\n<p style=\"text-align: justify;\">Anche quest\u2019anno La Guarimba \u00e8 riuscita <strong>a riportare il cinema alla gente e la gente al cinema<\/strong> e grazie ai nostri sponsor e le 11 ambasciate che ci hanno sostenuto, ha garantito un festival gratuito per tutti. La Guarimba \u00e8 riuscita a offrire il biglietto agli spettatori in questo anno cos\u00ec complicato senza tagliare lo stipendio dei suoi lavoratori, fondamentali per la buona riuscita della manifestazione e perch\u00e9 crede il lavoro culturale abbia bisogno di una giusta retribuzione che spesso manca in questo settore.<\/p>\r\n<p style=\"text-align: justify;\">Alla fine di quest\u2019edizione del festival si pu\u00f2 affermare che, a dispetto di tutte le difficolt\u00e0, a La Guarimba ha vinto il cinema, ha vinto la cittadinanza attiva, ha vinto la voglia di riscattare questa Calabria selvaggia piena di possibilit\u00e0. Abbiamo vinto noi.<\/p>\r\n[\/vc_column_text][\/vc_column][\/vc_row]<\/div>","protected":false},"excerpt":{"rendered":"<p>[vc_row][vc_column][vc_single_image image=&#8221;44366&#8243; img_size=&#8221;full&#8221;][vc_column_text] La seconda serata del festival internazionale di cortometraggi La Guarimba ha mostrato cortometraggi in concorso provenienti da ogni angolo del mondo.Ospite della serata Ingrid Liavaag, regista del norvegese \u201cFisk\u201d, che ha introdotto la proiezione al pubblico di Amantea. Il corto, in concorso nella sezione Fiction, racconta la storia di Sarah, affetta da [&hellip;]<\/p>\n","protected":false},"author":1,"featured_media":0,"parent":0,"menu_order":0,"comment_status":"closed","ping_status":"closed","template":"","meta":{"jetpack_post_was_ever_published":false,"footnotes":""},"class_list":["post-44359","page","type-page","status-publish","hentry"],"jetpack_shortlink":"https:\/\/wp.me\/P4S7Ao-bxt","jetpack_sharing_enabled":true,"_links":{"self":[{"href":"https:\/\/www.laguarimba.com\/it\/wp-json\/wp\/v2\/pages\/44359","targetHints":{"allow":["GET"]}}],"collection":[{"href":"https:\/\/www.laguarimba.com\/it\/wp-json\/wp\/v2\/pages"}],"about":[{"href":"https:\/\/www.laguarimba.com\/it\/wp-json\/wp\/v2\/types\/page"}],"author":[{"embeddable":true,"href":"https:\/\/www.laguarimba.com\/it\/wp-json\/wp\/v2\/users\/1"}],"replies":[{"embeddable":true,"href":"https:\/\/www.laguarimba.com\/it\/wp-json\/wp\/v2\/comments?post=44359"}],"version-history":[{"count":12,"href":"https:\/\/www.laguarimba.com\/it\/wp-json\/wp\/v2\/pages\/44359\/revisions"}],"predecessor-version":[{"id":45261,"href":"https:\/\/www.laguarimba.com\/it\/wp-json\/wp\/v2\/pages\/44359\/revisions\/45261"}],"wp:attachment":[{"href":"https:\/\/www.laguarimba.com\/it\/wp-json\/wp\/v2\/media?parent=44359"}],"curies":[{"name":"wp","href":"https:\/\/api.w.org\/{rel}","templated":true}]}}