{"id":46996,"date":"2021-05-10T10:49:39","date_gmt":"2021-05-10T10:49:39","guid":{"rendered":"https:\/\/www.laguarimba.com\/?page_id=46996"},"modified":"2021-06-08T08:54:18","modified_gmt":"2021-06-08T08:54:18","slug":"archiviocamarca","status":"publish","type":"page","link":"https:\/\/www.laguarimba.com\/it\/archiviocamarca\/","title":{"rendered":"Archivio Vitaliano Camarca"},"content":{"rendered":"<div class=\"wpb-content-wrapper\">[vc_row][vc_column width=&#8221;1\/6&#8243;][vc_single_image image=&#8221;47349&#8243; img_size=&#8221;full&#8221;][vc_column_text css=&#8221;.vc_custom_1622967208809{margin-top: -50px !important;border-top-width: -50px !important;padding-top: -50px !important;}&#8221;]\n<p style=\"text-align: center;\"><span style=\"font-size: 10pt;\"><em>Vitaliano Camarca<\/em><\/span><\/p>\n[\/vc_column_text][\/vc_column][vc_column width=&#8221;5\/6&#8243;][vc_column_text]\n<p style=\"text-align: justify;\">La figura di Vitaliano Camarca segue La Guarimba dagli inizi, da quando, nel 2013, abbiamo deciso di riparare e riaprire il vecchio cinema all&#8217;aperto. Proprio da l\u00ec abbiamo iniziato a sentire il nome e l&#8217;operato di uno dei pi\u00f9 grandi intellettuali del paese, ingiustamente dimenticato dalle nuove generazioni. Amantea, senza una biblioteca n\u00e9 un luogo per conservare il proprio patrimonio archivistico, \u00e8 un paese condannato all&#8217;oblio.<\/p>\n<p style=\"text-align: justify;\">Dal 2020, il Premio del Pubblico del festival La Guarimba \u00e8 dedicato alla memoria di Camarca per il suo contributo al Cinema come atto collettivo. L&#8217;anno successivo, ci siamo resi conto che in pochi erano a conoscenza della sua figura. Cos\u00ec \u00e8 nato l&#8217;Archivio Camarca, uno spazio digitale in continuo aggiornamento, costruito attraverso un lavoro emotivo, incontrando i figli, i nipoti e gli amici della Famiglia Camarca, che ci hanno portato con molta gentilezza attraverso un viaggio intimo e collettivo dell&#8217;Amantea che aveva immaginato Vitaliano e che purtroppo, per la sua veloce scomparsa, non ha potuto realizzare. Ci auguriamo che questo spazio non solo mantenga vivo il fuoco del suo spirito ma che serva come ispirazione alle nuove generazioni per costruire il paese che sognano.<\/p>\n[\/vc_column_text][\/vc_column][\/vc_row][vc_row][vc_column width=&#8221;3\/4&#8243;][vc_column_text]\n<p style=\"text-align: justify;\"><b>I PRIMI ANNI<\/b><\/p>\n[\/vc_column_text][vc_column_text]\n<p style=\"text-align: justify;\"><span style=\"font-weight: 400; font-size: 12pt;\"><span style=\"font-size: 12pt;\"><span style=\"font-weight: 400;\">Dino Vitaliano Camarca (Scigliano, 12\/07\/1921 &#8211; Amantea 01\/12\/1969) <\/span><span style=\"font-weight: 400;\">\u00e8<\/span><span style=\"font-weight: 400;\"> stato un giornalista, editore e tipografo italiano che ebbe una forte influenza sullo sviluppo culturale ed economico del territorio di Amantea, Calabria.<\/span><\/span><\/span><\/p>\n<p style=\"text-align: justify;\"><span style=\"font-weight: 400; font-size: 12pt;\">Michele Camarca e Teresa Perciavalle, genitori di Vitaliano, si conobbero e innamorarono ad Amantea negli anni in cui Michele vi lavor\u00f2 come maresciallo. Dal matrimonio nacquero cinque figli: Vitaliano, Adalgisa, Linda, Giuseppe e Benito.<\/span><\/p>\n<p style=\"text-align: justify;\"><span style=\"font-weight: 400; font-size: 12pt;\">Vitaliano e sua moglie Raffaella Mannarino ebbero a loro volta cinque figli: Michele, Maria Teresa, Yvonne, Astrid e Yasmine.<\/span><\/p>\n[\/vc_column_text][\/vc_column][vc_column width=&#8221;1\/4&#8243;][vc_single_image image=&#8221;47361&#8243; img_size=&#8221;full&#8221;][vc_column_text css=&#8221;.vc_custom_1623134324651{margin-top: -50px !important;border-top-width: -50px !important;padding-top: -50px !important;}&#8221;]\n<p style=\"text-align: center;\"><span style=\"font-size: 10pt;\"><em>Vitaliano e sua moglie Raffaella (1941)<\/em><\/span><\/p>\n[\/vc_column_text][\/vc_column][\/vc_row][vc_row][vc_column][vc_column_text]\n<p style=\"text-align: justify;\"><b>GLI STUDI<\/b><\/p>\n[\/vc_column_text][vc_column_text]\n<p style=\"text-align: justify;\">Frequent\u00f2 il\u00a0liceo classico, senza per\u00f2 concludere gli studi. Sin da giovanissimo inizi\u00f2 a curare i suoi molteplici interessi, tra cui quello legato alle lingue straniere. Parlava perfettamente il\u00a0francese, lo\u00a0spagnolo, il\u00a0tedesco\u00a0e il\u00a0greco.<\/p>\n[\/vc_column_text][\/vc_column][\/vc_row][vc_row][vc_column width=&#8221;1\/4&#8243;][vc_single_image image=&#8221;47367&#8243; img_size=&#8221;full&#8221;][vc_column_text css=&#8221;.vc_custom_1623134340469{margin-top: -50px !important;border-top-width: -50px !important;padding-top: -50px !important;}&#8221;]\n<p style=\"text-align: center;\"><span style=\"font-size: 10pt;\"><em>La leva militare (1942)<\/em><\/span><\/p>\n[\/vc_column_text][\/vc_column][vc_column width=&#8221;3\/4&#8243;][vc_column_text]\n<p style=\"text-align: justify;\"><b>GLI ANNI DELLA GUERRA<\/b><\/p>\n[\/vc_column_text][vc_column_text]\n<p style=\"text-align: justify;\"><span style=\"font-weight: 400;\">Camarca partecip\u00f2 alla Seconda Guerra Mondiale: trascorse alcuni anni come militare in Grecia, dove venne prima imprigionato e poi prelevato insieme ai restanti militari italiani per essere trasferito nel campo di prigionia tedesco Stalag XII-F. Da qui scapp\u00f2 e venne ri-catturato tre volte. Nei mesi trascorsi nel campo, Camarca riusc\u00ec comunque in una delle sue straordinarie imprese: stamp\u00f2 un giornale nonostante i nazisti vietassero qualsiasi tipo di attivit\u00e0 informativa. <\/span><\/p>\n<p style=\"text-align: justify;\"><span style=\"font-weight: 400;\">Fra i reperti ritrovati grazie alla collaborazione della famiglia, <\/span><span style=\"font-weight: 400;\">\u00e8<\/span><span style=\"font-weight: 400;\"> emersa anche una cartolina che Michele, padre di Vitaliano, sped\u00ec al figlio nell\u2019estate del 1944, periodo in cui Vitaliano era prigioniero nel campo tedesco. L&#8217;originale <\/span><span style=\"font-weight: 400;\">venne<\/span><span style=\"font-weight: 400;\"> acquistato su Ebay da un cittadino amanteano, e grazie all&#8217;interessamento del professore Roberto Mus\u00ec si <\/span><span style=\"font-weight: 400;\">\u00e8<\/span><span style=\"font-weight: 400;\"> ottenuta una copia da restituire alla famiglia. <\/span><\/p>\n<p style=\"text-align: justify;\"><span style=\"font-weight: 400;\">La terribile esperienza nel campo si concluse nel 1945 grazie alla liberazione per mano dell&#8217;Esercito degli Stati Uniti. Concluso il servizio militare, Camarca ritorn\u00f2 ad Amantea all&#8217;et\u00e0 di ventitre anni.<\/span><\/p>\n[\/vc_column_text][\/vc_column][\/vc_row][vc_row][vc_column width=&#8221;1\/2&#8243;][vc_single_image image=&#8221;47403&#8243; img_size=&#8221;&#8221; add_caption=&#8221;yes&#8221; alignment=&#8221;center&#8221; onclick=&#8221;img_link_large&#8221;][\/vc_column][vc_column width=&#8221;1\/2&#8243;][vc_single_image image=&#8221;47409&#8243; img_size=&#8221;&#8221; alignment=&#8221;center&#8221; onclick=&#8221;img_link_large&#8221;][\/vc_column][\/vc_row][vc_row][vc_column][vc_column_text css=&#8221;.vc_custom_1623134430053{margin-top: -50px !important;border-top-width: -50px !important;padding-top: -50px !important;}&#8221;]\n<p style=\"text-align: center;\"><span style=\"font-size: 10pt;\"><em>Cartolina inviata da Michele, padre di Vitaliano, in risposta al figlio allora detenuto nel campo di prigionia tedesco Stalag XII-F (1944)<\/em><\/span><\/p>\n[\/vc_column_text][\/vc_column][\/vc_row][vc_row][vc_column][vc_column_text]\n<p style=\"text-align: justify;\"><b>LA VITA AD AMANTEA E LA CARRIERA DA GIORNALISTA<\/b><\/p>\n[\/vc_column_text][vc_column_text]\n<p style=\"text-align: justify;\"><span style=\"font-weight: 400;\">Come tutti gli ex militari, Camarca fu in qualche modo favorito dalle istituzioni locali per trovare un\u2019occupazione. Lavor\u00f2 prima come impiegato al comune di Amantea e poi come segretario presso le scuole medie, ma in entrambi i casi resistette solo per pochi giorni.<\/span><\/p>\n<p style=\"text-align: justify;\"><span style=\"font-weight: 400;\">La passione per il giornalismo lo port\u00f2 ad acquistare un apposito macchinario che gli permise di produrre i suoi primi lavori da scrittore e da tipografo. Camarca divenne successivamente corrispondente ANSA per la Gazzetta del Sud e Il Mattino di Napoli.\u00a0<\/span><\/p>\n<p style=\"text-align: justify;\"><span style=\"font-weight: 400;\">Attraverso i numerosi viaggi all&#8217;estero, Camarca si occup\u00f2 anche della redazione di articoli di cronaca internazionale e fu responsabile del settimanale d&#8217;arte varia degli ex internati militari \u201cLa trib\u00f9\u201d.<\/span><\/p>\n[\/vc_column_text][\/vc_column][\/vc_row][vc_row][vc_column width=&#8221;1\/2&#8243;][vc_single_image image=&#8221;47373&#8243; img_size=&#8221;&#8221; alignment=&#8221;center&#8221; onclick=&#8221;img_link_large&#8221;][vc_column_text css=&#8221;.vc_custom_1623134472793{margin-top: -50px !important;border-top-width: -50px !important;padding-top: -50px !important;}&#8221;]\n<p style=\"text-align: center;\"><span style=\"font-size: 10pt;\"><em>Erranti, 2 novelle di Dino Vitaliano Camarca, Tip. Esposito-Paola<\/em><\/span><\/p>\n[\/vc_column_text][\/vc_column][vc_column width=&#8221;1\/2&#8243;][vc_single_image image=&#8221;47415&#8243; img_size=&#8221;&#8221; alignment=&#8221;center&#8221; onclick=&#8221;img_link_large&#8221;][vc_column_text css=&#8221;.vc_custom_1623134485848{margin-top: -50px !important;border-top-width: -50px !important;padding-top: -50px !important;}&#8221;]\n<p style=\"text-align: center;\"><span style=\"font-size: 10pt;\"><em>Lirian, Poesia contemporanea, Edizione forense (1941)<\/em><\/span><\/p>\n[\/vc_column_text][\/vc_column][\/vc_row][vc_row][vc_column][vc_column_text]\n<p style=\"text-align: justify;\"><strong>LE MANIFESTAZIONI CULTURALI<\/strong><\/p>\n[\/vc_column_text][vc_column_text]\n<p style=\"text-align: justify;\"><span style=\"font-weight: 400;\">Molto legato alla sua terra, Camarca sapeva che il turismo per Amantea sarebbe stato fonte di benessere economico e sociale. Fond\u00f2 l&#8217;Ufficio del Turismo e fu presidente della Pro Loco locale. Con le sue iniziative cerc\u00f2 di far conoscere e apprezzare il paese sia a livello nazionale che internazionale.<\/span><\/p>\n[\/vc_column_text][\/vc_column][\/vc_row][vc_row][vc_column width=&#8221;1\/4&#8243;][vc_single_image image=&#8221;47574&#8243; img_size=&#8221;full&#8221; onclick=&#8221;img_link_large&#8221;][\/vc_column][vc_column width=&#8221;3\/4&#8243;][vc_column_text]\n<p style=\"text-align: justify;\"><span style=\"font-weight: 400;\">La sua curiosit\u00e0 lo port\u00f2 ad esplorare la tipografia, il giornalismo, il cinema, la poesia e la musica, addirittura scrivendo un tango insieme al maestro Mario Aloe.<\/span><\/p>\n[\/vc_column_text][vc_column_text css=&#8221;.vc_custom_1623136034933{margin-top: -50px !important;border-top-width: -50px !important;padding-top: -50px !important;}&#8221;]\n<p>&nbsp;<\/p>\n<audio class=\"wp-audio-shortcode\" id=\"audio-46996-1\" preload=\"none\" style=\"width: 100%;\" controls=\"controls\"><source type=\"audio\/mpeg\" src=\"https:\/\/www.laguarimba.com\/wp-content\/uploads\/2021\/06\/Se-sorridi-tu-...Vitaliano-Camarca-Mario-Aloe-1-online-audio-converter.com_.mp3?_=1\" \/><a href=\"https:\/\/www.laguarimba.com\/wp-content\/uploads\/2021\/06\/Se-sorridi-tu-...Vitaliano-Camarca-Mario-Aloe-1-online-audio-converter.com_.mp3\">https:\/\/www.laguarimba.com\/wp-content\/uploads\/2021\/06\/Se-sorridi-tu-...Vitaliano-Camarca-Mario-Aloe-1-online-audio-converter.com_.mp3<\/a><\/audio>\n[\/vc_column_text][\/vc_column][\/vc_row][vc_row][vc_column width=&#8221;2\/3&#8243;][vc_column_text]<strong>IL PREMIO LETTERARIO AMANTEA<\/strong>[\/vc_column_text][vc_column_text]\n<p style=\"text-align: justify;\">Nel\u00a01962\u00a0istitu\u00ec il Premio Letterario Amantea, un concorso avente luogo presso il Lido Azzurro. L&#8217;obiettivo era valorizzare il territorio attraverso specifiche opere a tema: i racconti presentati dovevano mettere in valore le bellezze panoramiche, o il colore, la vita della riviera tirrenica; oppure inquadrare un particolare episodio di\u00a0folklore, effettuare un&#8217;indagine sui valori tradizionali del popolo, o cogliere, senza cadere nell&#8217;arida esposizione scientifica, la psiche calabrese. Al concorso si poteva partecipare presentando un racconto lungo (o romanzo breve), inedito e mai pubblicato in volume, che non superasse le sessanta cartelle dattiloscritte da una sola facciata del foglio. Il manoscritto doveva pervenire al Comitato del Premio Letterario Amantea, presso il Comune di Amantea. Vitaliano si occupava personalmente del vaglio delle candidature, della lettura e dell&#8217;eventuale correzione dei testi e, in fine, della creazione della commissione giudicatrice, composta da pubblicisti e scrittori di vasta notoriet\u00e0. Il presidente della giuria della prima edizione del Premio Letterario fu l&#8217;allora rettore dell&#8217;Universit\u00e0 degli Studi di Messina\u00a0Salvatore Pugliatti.<\/p>\n<p style=\"text-align: justify;\">Il premio al primo classificato si componeva di una quota di centomila lire, consegnata dal Sindaco nel corso di una serata danzante organizzata in onore del vincitore e della commissione giudicatrice, e della pubblicazione del racconto da parte della casa editrice &#8220;La Croce del Sud&#8221;, il cui direttore era lo stesso Vitaliano Camarca. Essendo anche tipografo, i disegni e le stampe riportate sulle copertine dei vari libri erano realizzate a loro volta da Camarca. Venivano inoltre consegnati altri premi minori ai lavori pi\u00f9 interessanti.<\/p>\n<p style=\"text-align: justify;\">Successivamente alla morte di Vitaliano, il Premio Letterario venne ripreso molte volte da altri amanteani, senza ottenere per\u00f2 lo stesso seguito.<\/p>\n[\/vc_column_text][\/vc_column][vc_column width=&#8221;1\/3&#8243;][vc_single_image image=&#8221;47451&#8243; img_size=&#8221;full&#8221;][vc_column_text css=&#8221;.vc_custom_1623138553786{margin-top: -50px !important;border-top-width: -50px !important;padding-top: -50px !important;}&#8221;]\n<p style=\"text-align: center;\"><span style=\"font-size: 10pt;\"><em>Statuetta per Il Premio Letterario.<br \/>\nIspirato alla Venere di Botticelli, il premio simboleggia Amantea che emerge dal suo mare<\/em><\/span><\/p>\n[\/vc_column_text][\/vc_column][\/vc_row][vc_row][vc_column width=&#8221;1\/2&#8243;][vc_single_image image=&#8221;47555&#8243; img_size=&#8221;full&#8221; alignment=&#8221;center&#8221;][vc_column_text css=&#8221;.vc_custom_1623134517949{margin-top: -50px !important;border-top-width: -50px !important;padding-top: -50px !important;}&#8221;]\n<p style=\"text-align: center;\"><span style=\"font-size: 10pt;\"><em>Vitaliano e alcuni membri della giuria del Premio Letterario<\/em><\/span><\/p>\n[\/vc_column_text][\/vc_column][vc_column width=&#8221;1\/2&#8243;][vc_single_image image=&#8221;47391&#8243; img_size=&#8221;full&#8221; alignment=&#8221;center&#8221;][vc_column_text css=&#8221;.vc_custom_1623134529245{margin-top: -50px !important;border-top-width: -50px !important;padding-top: -50px !important;}&#8221;]\n<p style=\"text-align: center;\"><span style=\"font-size: 10pt;\"><em>Premiazione vincitore Premio Letterario<\/em><\/span><\/p>\n[\/vc_column_text][\/vc_column][\/vc_row][vc_row][vc_column width=&#8221;1\/4&#8243;][vc_single_image image=&#8221;47469&#8243; img_size=&#8221;full&#8221;][vc_column_text css=&#8221;.vc_custom_1623134546020{margin-top: -50px !important;border-top-width: -50px !important;padding-top: -50px !important;}&#8221;]\n<p style=\"text-align: center;\"><span style=\"font-size: 10pt;\"><em>Opuscolo realizzato per la 2a edizione della Rassegna del Film Mediterraneo (1965)<\/em><\/span><\/p>\n[\/vc_column_text][\/vc_column][vc_column width=&#8221;3\/4&#8243;][vc_column_text]\n<p style=\"text-align: justify;\"><strong>LA RASSEGNA DEL FILM MEDITERRANEO<\/strong><\/p>\n[\/vc_column_text][vc_column_text]\n<p style=\"text-align: justify;\">Il\u00a019 agosto\u00a01964<sup id=\"cite_ref-4\" class=\"reference\"><\/sup>, Vitaliano istitu\u00ec la Rassegna del Film Mediterraneo. L&#8217;evento aveva luogo presso l&#8217;Arena Sicoli, unico cinema presente nella citt\u00e0 di Amantea.<\/p>\n<p style=\"text-align: justify;\">La rassegna consisteva nella proiezione serale di pellicole che durante l&#8217;anno avevano riscosso particolare successo. La Rassegna entusiasmava amanteani e non solo: ogni spazio dell&#8217;Arena Sicoli si riempiva di turisti e gente del posto, rappresentando cos\u00ec un vero e proprio luogo di aggregazione sociale.<\/p>\n<p style=\"text-align: justify;\">Generalmente, la Rassegna si svolgeva fra il mese di luglio e quello di agosto. La prima edizione inizi\u00f2 il 24 luglio e si concluse 4 agosto 1964. Le manifestazioni continuarono fino al 1969, anno della morte di Vitaliano.<\/p>\n[\/vc_column_text][\/vc_column][\/vc_row][vc_row][vc_column width=&#8221;1\/3&#8243;][vc_single_image image=&#8221;47397&#8243; img_size=&#8221;full&#8221; alignment=&#8221;center&#8221;][vc_column_text css=&#8221;.vc_custom_1623134562774{margin-top: -50px !important;border-top-width: -50px !important;padding-top: -50px !important;}&#8221;]\n<p style=\"text-align: center;\"><span style=\"font-size: 10pt;\"><em>Presentazione Rassegna del Film Mediterraneo<\/em><\/span><\/p>\n[\/vc_column_text][\/vc_column][vc_column width=&#8221;1\/3&#8243;][vc_single_image image=&#8221;47549&#8243; img_size=&#8221;full&#8221; alignment=&#8221;center&#8221;][vc_column_text css=&#8221;.vc_custom_1623134574404{margin-top: -50px !important;border-top-width: -50px !important;padding-top: -50px !important;}&#8221;]\n<p style=\"text-align: center;\"><span style=\"font-size: 10pt;\"><em>Vitaliano e i membri della giuria della Rassegna del Film Mediterraneo<\/em><\/span><\/p>\n[\/vc_column_text][\/vc_column][vc_column width=&#8221;1\/3&#8243;][vc_single_image image=&#8221;47457&#8243; img_size=&#8221;full&#8221; alignment=&#8221;center&#8221;][vc_column_text css=&#8221;.vc_custom_1623134588286{margin-top: -50px !important;border-top-width: -50px !important;padding-top: -50px !important;}&#8221;]\n<p style=\"text-align: center;\"><span style=\"font-size: 10pt;\"><em>Premiazione Rassegna del Film Mediterraneo<\/em><\/span><\/p>\n[\/vc_column_text][\/vc_column][\/vc_row][vc_row][vc_column][vc_column_text]\n<p style=\"text-align: justify;\"><strong>CONCLUSIONI<\/strong><\/p>\n[\/vc_column_text][vc_column_text]\n<p style=\"text-align: justify;\"><span style=\"font-weight: 400;\">Vitaliano Camarca mor\u00ec a soli 48 anni, di lui rimangono i ricordi emozionanti della famiglia e delle persone che hanno avuto la fortuna di conoscerlo in quanto genio eclettico, di persona o grazie alle manifestazioni da lui istituite. La sua prematura scomparsa ha ovviamente segnato profondamente i familiari che, impegnati a metabolizzare l\u2019accaduto, non hanno avuto modo di raccogliere completamente quanto lasciato da Vitaliano. Nonostante ci\u00f2, per\u00f2, grazie agli incontri con loro organizzati, ad oggi abbiamo sicuramente un\u2019immagine pi\u00f9 chiara di Vitaliano Camarca: una persona brillante, generosa, capace di andare oltre quegli schemi e quei pregiudizi che purtroppo, ancora oggi, limitano l\u2019espressione e la creativit\u00e0 di un territorio che invece ha fame di cultura. Come raccontato dal figlio Michele, Vitaliano \u201cera uno spirito libero. Lui era come l\u2019aria, la puoi imprigionare l\u2019aria? Non ci riesci. La devi mettere in un palloncino, ma basta un buchino e lei esce.\u201d.<\/span><\/p>\n[\/vc_column_text][\/vc_column][\/vc_row][vc_row][vc_column][vc_column_text]\n<p style=\"text-align: justify;\"><strong>OPERE<\/strong><\/p>\n[\/vc_column_text][vc_column_text]\n<ul>\n<li><i>Erranti, 2 novelle di Dino Vitaliano Camarca<\/i>, Tip. Esposito-Paola<\/li>\n<li><i>Lirian, Poesia contemporanea<\/i>, Edizione forense, 1941<\/li>\n<li><i>Umili versi miei. Prefazione di D.V.C.<\/i>, La Croce del Sud, Amantea, 1950<\/li>\n<\/ul>\n[\/vc_column_text][\/vc_column][\/vc_row][vc_row][vc_column][vc_column_text]\n<p style=\"text-align: center;\"><span style=\"font-size: 14pt;\"><strong>HAI DELLE INFORMAZIONI AGGIUNTIVE SULLA VITA DI VITALIANO, MATERIALE FOTOGRAFICO O DOCUMENTI CHE VORRESTI CONDIVIDERE CON NOI PER ARRICCHIRE QUESTO ARCHIVIO?<\/strong><\/span><\/p>\n<p style=\"text-align: center;\">Scrivici a <a href=\"mailto:info@laguarimba.com\">info@laguarimba.com<\/a><\/p>\n[\/vc_column_text][\/vc_column][\/vc_row]\n<\/div>","protected":false},"excerpt":{"rendered":"<p>[vc_row][vc_column width=&#8221;1\/6&#8243;][vc_single_image image=&#8221;47349&#8243; img_size=&#8221;full&#8221;][vc_column_text css=&#8221;.vc_custom_1622967208809{margin-top: -50px !important;border-top-width: -50px !important;padding-top: -50px !important;}&#8221;] Vitaliano Camarca [\/vc_column_text][\/vc_column][vc_column width=&#8221;5\/6&#8243;][vc_column_text] La figura di Vitaliano Camarca segue La Guarimba dagli inizi, da quando, nel 2013, abbiamo deciso di riparare e riaprire il vecchio cinema all&#8217;aperto. Proprio da l\u00ec abbiamo iniziato a sentire il nome e l&#8217;operato di uno dei pi\u00f9 grandi [&hellip;]<\/p>\n","protected":false},"author":1,"featured_media":0,"parent":0,"menu_order":0,"comment_status":"closed","ping_status":"closed","template":"page-full-width.php","meta":{"jetpack_post_was_ever_published":false,"footnotes":""},"class_list":["post-46996","page","type-page","status-publish","hentry"],"jetpack_shortlink":"https:\/\/wp.me\/P4S7Ao-ce0","jetpack_sharing_enabled":false,"_links":{"self":[{"href":"https:\/\/www.laguarimba.com\/it\/wp-json\/wp\/v2\/pages\/46996","targetHints":{"allow":["GET"]}}],"collection":[{"href":"https:\/\/www.laguarimba.com\/it\/wp-json\/wp\/v2\/pages"}],"about":[{"href":"https:\/\/www.laguarimba.com\/it\/wp-json\/wp\/v2\/types\/page"}],"author":[{"embeddable":true,"href":"https:\/\/www.laguarimba.com\/it\/wp-json\/wp\/v2\/users\/1"}],"replies":[{"embeddable":true,"href":"https:\/\/www.laguarimba.com\/it\/wp-json\/wp\/v2\/comments?post=46996"}],"version-history":[{"count":21,"href":"https:\/\/www.laguarimba.com\/it\/wp-json\/wp\/v2\/pages\/46996\/revisions"}],"predecessor-version":[{"id":47588,"href":"https:\/\/www.laguarimba.com\/it\/wp-json\/wp\/v2\/pages\/46996\/revisions\/47588"}],"wp:attachment":[{"href":"https:\/\/www.laguarimba.com\/it\/wp-json\/wp\/v2\/media?parent=46996"}],"curies":[{"name":"wp","href":"https:\/\/api.w.org\/{rel}","templated":true}]}}