{"id":50464,"date":"2022-08-01T11:11:39","date_gmt":"2022-08-01T11:11:39","guid":{"rendered":"https:\/\/www.laguarimba.com\/?page_id=50464"},"modified":"2023-07-14T07:46:52","modified_gmt":"2023-07-14T07:46:52","slug":"ilterrenito2022","status":"publish","type":"page","link":"https:\/\/www.laguarimba.com\/it\/ilterrenito2022\/","title":{"rendered":"Il Terrenito 2022"},"content":{"rendered":"<div class=\"wpb-content-wrapper\">[vc_row][vc_column][vc_video link=&#8221;https:\/\/www.youtube.com\/watch?v=Dg0ByzJBlRY&amp;t=2s&#8221;][\/vc_column][\/vc_row][vc_row][vc_column][vc_column_text]\n<p style=\"text-align: justify;\">Il Terrenito \u00e8 uno spazio multifunzionale localizzato nel centro di Amantea (Calabria), che abbiamo acquistato alla fine 2021 e riqualificato durante l&#8217;anno successivo. Nel luglio 2022, ha ospitato un <strong>programma di 26 eventi culturali<\/strong>, coinvolgendo artisti, associazioni del territorio e sponsor locali, con cui abbiamo costruito insieme <strong>un cartellone culturale <\/strong>tra teatro, danza, cinema, pittura, fotografia, laboratori per bambini e letteratura, organizzato nel paese senza cinema e spazi culturali.<\/p>\n[\/vc_column_text][\/vc_column][\/vc_row][vc_row][vc_column width=&#8221;1\/2&#8243;][vc_single_image image=&#8221;50471&#8243; img_size=&#8221;full&#8221;][\/vc_column][vc_column width=&#8221;1\/2&#8243;][vc_single_image image=&#8221;50477&#8243; img_size=&#8221;full&#8221;][\/vc_column][\/vc_row][vc_row][vc_column][vc_column_text]\n<p style=\"text-align: justify;\">Per costruire il cartellone di eventi, abbiamo intrapreso un <strong>percorso di ascolto e di comprensione degli interessi della comunit\u00e0. <\/strong>Abbiamo organizzato incontri e svolto sondaggi per <strong>far emergere i bisogni reali del target di riferimento<\/strong>, per poi analizzarli e comprenderli, trovando le risposte alle domande della comunit\u00e0 attraverso le soluzioni pi\u00f9 efficienti e pi\u00f9 efficaci possibile.<\/p>\n<p style=\"text-align: justify;\">Abbiamo imparato che il processo partecipativo non \u00e8 la soluzione definitiva a tutti i problemi e che c&#8217;\u00e8 bisogno anche di un controllo da parte dell\u2019organizzazione per filtrare tutte le richieste, ma abbiamo ritenuto comunque importante partire da questo metodo, <strong>difficilmente esplorato dalla politica locale<\/strong>, che preferisce seguire modelli standardizzati e che, negli ultimi anni, sembra aver smesso di ascoltare e dialogare con la societ\u00e0 civile.<\/p>\n<p style=\"text-align: justify;\">Questa metodologia \u00e8 stata applicata <strong>fin dalla costituzione dello spazio e nella costituzione delle sue parti<\/strong>, che \u00e8 stata decisa in collettivit\u00e0, ed \u00e8 continuata nella stesura del programma culturale, che \u00e8 stato creato mettendo insieme le proposte delle associazioni, lasciando loro la possibilit\u00e0 di utilizzare il terreno nel modo in cui ritenevano migliore.<\/p>\n<p style=\"text-align: justify;\">Abbiamo iniziato a vedere questo spazio <strong>come una tela bianca su cui, ogni volta, poter dipingere qualcosa di nuovo<\/strong>. Le associazioni \u2013 i pittori \u2013 hanno dunque potuto utilizzare un contenitore flessibile, pronto a svuotarsi e riempirsi ogni volta di un contenuto diverso.<\/p>\n<p style=\"text-align: justify;\"><strong>Non abbiamo chiesto nessun contributo per l\u2019utilizzo dello spazio<\/strong>: abbiamo fornito elettricit\u00e0, strumentazione tecnica e supporto logistico alle associazioni, lasciando che tenessero tutto l\u2019incasso per i loro eventi a pagamento.<\/p>\n[\/vc_column_text][\/vc_column][\/vc_row][vc_row][vc_column width=&#8221;1\/2&#8243;][vc_single_image image=&#8221;50483&#8243; img_size=&#8221;full&#8221;][\/vc_column][vc_column width=&#8221;1\/2&#8243;][vc_single_image image=&#8221;50489&#8243; img_size=&#8221;full&#8221;][\/vc_column][\/vc_row][vc_row][vc_column][vc_column_text]\n<p style=\"text-align: justify;\">Per renderlo sostenibile, <strong>abbiamo costruito una rete di sponsor locale e nazionale<\/strong>, che hanno dato il loro contributo in forme diverse.<\/p>\n<p style=\"text-align: justify;\"><strong>Caff\u00e8 Guglielmo<\/strong>, oltre ad un sostegno economico, ci ha fornito una macchinetta del caff\u00e8 e cialde, per offrire il caff\u00e8 agli ospiti.<\/p>\n<p style=\"text-align: justify;\">L\u2019azienda edilizia <strong>Alfano <\/strong>ci ha donato alcuni materiali di costruzione per i lavori, <strong>Zai Urban Winery <\/strong>le lattine di vino da distribuire durante gli eventi, <strong>Callipo <\/strong>i gelati,<strong> CONAD Campora S. Giovanni <\/strong>ha stampato i volantini con il programma di luglio, che ha distribuito nelle case di Amantea, mentre la casa editrice <strong>People<\/strong> ci ha regalato le copie di alcune delle loro principali pubblicazioni. Il <strong>Goethe Institut<\/strong> e <strong>l\u2019Ambasciata del Giappone<\/strong> in Italia hanno patrocinato le rassegne di cinema dedicate a Fritz Lang e Satoshi Kon, concedendoci i diritti di proiezione dei film.<\/p>\n[\/vc_column_text][\/vc_column][\/vc_row][vc_row][vc_column width=&#8221;1\/2&#8243;][vc_single_image image=&#8221;50495&#8243; img_size=&#8221;full&#8221;][\/vc_column][vc_column width=&#8221;1\/2&#8243;][vc_single_image image=&#8221;50501&#8243; img_size=&#8221;full&#8221;][\/vc_column][\/vc_row][vc_row][vc_column][vc_column_text]\n<p style=\"text-align: justify;\">Il 4 giugno 2022, in vista delle imminenti elezioni amministrative del comune di Amantea, <strong>abbiamo invitato i due candidati alla carica di sindaco per incontrare le associazioni culturali e confrontarsi con la cittadinanza<\/strong>, esponendo il proprio programma culturale e le iniziative da compiere per rivitalizzare questo settore.<\/p>\n<p style=\"text-align: justify;\">\u00c8 stata l\u2019occasione per mostrare e aprire lo spazio alla cittadinanza, impegnandolo nella nostra idea di <strong>confronto aperto e democratico<\/strong>, dove le istituzioni non lavorano senza il contatto con la societ\u00e0 civile.<\/p>\n[\/vc_column_text][\/vc_column][\/vc_row][vc_row][vc_column width=&#8221;1\/2&#8243;][vc_single_image image=&#8221;50507&#8243; img_size=&#8221;full&#8221;][\/vc_column][vc_column width=&#8221;1\/2&#8243;][vc_single_image image=&#8221;50513&#8243; img_size=&#8221;full&#8221;][\/vc_column][\/vc_row][vc_row][vc_column][vc_column_text]\n<p style=\"text-align: justify;\">Per la prima volta nella storia di Amantea, <strong>le associazioni culturali hanno fatto fronte comune, collaborando attivamente e creando sinergie<\/strong>. Durante gli eventi ci siamo confrontati, scambiandoci materiali, attrezzatura e idee. Ad esempio, la compagnia di danza Al Mantiah Ballet, dopo la loro performance, ha lasciato il tappeto che copriva il palco per permettere alla compagnia di teatro La Buffa di utilizzarlo per la loro.<\/p>\n[\/vc_column_text][\/vc_column][\/vc_row][vc_row][vc_column][vc_column_text]\n<h2>GLI EVENTI DI LUGLIO 2022<\/h2>\n[\/vc_column_text][\/vc_column][\/vc_row][vc_row][vc_column][vc_single_image image=&#8221;50519&#8243; img_size=&#8221;full&#8221;][\/vc_column][\/vc_row][vc_row][vc_column][vc_column_text]\n<h3 style=\"text-align: justify;\">CONCERTO INAUGURALE<\/h3>\n<p style=\"text-align: justify;\">Il Terrenito \u00e8 stato inaugurato il 2 luglio 2022 con <strong>il<\/strong> <strong>concerto<\/strong>, ad ingresso gratuito, <strong>dell\u2019Orchestra dei Fiati Mediterranea Citt\u00e0 di Amantea<\/strong>, che ha occupato per la prima volta il nuovo palco con tutti i suoi componenti, tra cui tre giovanissimi amanteani che si esibivano per la prima volta. L\u2019Orchestra ha omaggiato i grandi autori delle colonne sonore <strong>Nino Rota<\/strong> ed <strong>Ennio Morricone<\/strong>, eseguendo le musiche tratte da <em>Il Padrino, Nuovo Cinema Paradiso, Il Buono Il Brutto Il Cattivo, Gi\u00f9 La Testa, La Dolce Vita e Amarcord<\/em>. Scene iconiche di questi film sono state proiettate sulla grande parete al lato del palco, creando un effetto di grande suggestione per il pubblico.<\/p>\n<p style=\"text-align: justify;\"><strong>La risposta della cittadinanza \u00e8 stata molto positiva<\/strong>: i 100 posti a sedere sono stati tutti riempiti, mentre in tanti si sono seduti sui pouf e sul divano dell\u2019area relax, mentre altri hanno assistito all\u2019esibizione in piedi, anche dalla strada.<\/p>\n[\/vc_column_text][\/vc_column][\/vc_row][vc_row][vc_column width=&#8221;1\/2&#8243;][vc_single_image image=&#8221;50525&#8243; img_size=&#8221;full&#8221;][\/vc_column][vc_column width=&#8221;1\/2&#8243;][vc_single_image image=&#8221;50531&#8243; img_size=&#8221;full&#8221;][\/vc_column][\/vc_row][vc_row][vc_column][vc_column_text]\n<p style=\"text-align: justify;\">Iniziare questo percorso con l\u2019Orchestra, che da anni inaugura il festival con un concerto di apertura, per noi ha avuto grande valenza simbolica: sono stati proprio loro ad aver partecipato, nel 2012, al film <strong>La Mia Mantia<\/strong>, diretto da Giulio Vita appena arrivato ad Amantea per realizzare il primo progetto di quella che sarebbe poi diventata La Guarimba.<\/p>\n[\/vc_column_text][\/vc_column][\/vc_row][vc_row][vc_column][vc_column_text]\n<h3 style=\"text-align: justify;\">ENTROTERRA<\/h3>\n<p style=\"text-align: justify;\">Tutte le domeniche di luglio sono state dedicate al <strong>programma \u201cEntroterra\u201d<\/strong>, un format ibrido dedicato a diverse attivit\u00e0 volte a far riscoprire le tradizioni artistiche e culturali di Amantea. Ci siamo rivolti ad artisti e associazioni locali per curare questi eventi di riconnessione con la memoria storica del territorio.<\/p>\n<p style=\"text-align: justify;\">Il 3 luglio abbiamo ospitato <strong>un\u2019estemporanea<\/strong> <strong>di pittura<\/strong>: sei artisti locali sono stati invitati per ritirare le tele e dipingere durante tutta la giornata, esponendo i risultati al Terrenito durante <strong>un aperitivo aperto a tutta la cittadinanza<\/strong>. Per noi \u00e8 stato un primo importante passaggio per far conoscere lo spazio in un contesto destrutturato, senza posti fissi a sedere, in cui gli ospiti potevano girare liberamente e vivere il luogo in modo diverso da una tradizionale sala concerti o teatro.<\/p>\n[\/vc_column_text][\/vc_column][\/vc_row][vc_row][vc_column width=&#8221;1\/2&#8243;][vc_single_image image=&#8221;50543&#8243; img_size=&#8221;full&#8221;][\/vc_column][vc_column width=&#8221;1\/2&#8243;][vc_single_image image=&#8221;50537&#8243; img_size=&#8221;full&#8221;][\/vc_column][\/vc_row][vc_row][vc_column][vc_column_text]\n<p style=\"text-align: justify;\">La settimana successiva abbiamo ospitato <strong>l\u2019Associazione Amanteani nel Mondo<\/strong>, che ha organizzato una <strong>mostra dedicata alla cultura marittima<\/strong> che ha fatto la storia di Amantea. Sono state esposti oggetti utilizzati nella pesca tradizionale, come <em>a lampara<\/em>, reti e imbarcazioni, accompagnati da fotografie che catturavano il lavoro dei pescatori del passato e didascalie che ne spiegavano le tecniche e la storia. Sotto l\u2019albero di limoni, \u00e8 stata allestita <strong>un\u2019esposizione delle sculture di Fortunato Pagliaro<\/strong>, un pescatore amanteano che intagliava figure religiose in legno con una tecnica unica e uno stile personale, e sono stati proiettati video con le sue testimonianze.<\/p>\n[\/vc_column_text][\/vc_column][\/vc_row][vc_row][vc_column width=&#8221;1\/2&#8243;][vc_single_image image=&#8221;50549&#8243; img_size=&#8221;full&#8221;][\/vc_column][vc_column width=&#8221;1\/2&#8243;][vc_single_image image=&#8221;50555&#8243; img_size=&#8221;full&#8221;][\/vc_column][\/vc_row][vc_row][vc_column][vc_column_text]\n<p style=\"text-align: justify;\">Il 17 luglio \u00e8 arrivato il turno dell\u2019<strong>Associazione<\/strong> <strong>RiScatto<\/strong>, che ha organizzato un <strong>evento multidisciplinare sul tema dell\u2019ecosostenibilit\u00e0<\/strong> in collaborazione con il <strong>Convent<\/strong> <strong>Centre<\/strong> e lo scultore <strong>Giampiero<\/strong> <strong>De<\/strong> <strong>Santis<\/strong>, creatore del progetto <strong>Burattini Pazzi<\/strong>. La giornata \u00e8 iniziata con dei laboratori per bambini sull\u2019ambiente, che hanno poi incontrato De Santis e i suoi burattini realizzati con rifiuti e materiali di riciclo. L\u2019Associazione RiScatto ha poi <strong>esposto ritratti di personaggi amanteani<\/strong> che si sono distinti nell\u2019impegno per l\u2019ambientalismo nel loro lavoro e nella loro vita personale.<\/p>\n[\/vc_column_text][\/vc_column][\/vc_row][vc_row][vc_column width=&#8221;1\/2&#8243;][vc_single_image image=&#8221;50573&#8243; img_size=&#8221;full&#8221;][\/vc_column][vc_column width=&#8221;1\/2&#8243;][vc_single_image image=&#8221;50579&#8243; img_size=&#8221;full&#8221;][\/vc_column][\/vc_row][vc_row][vc_column][vc_column_text]\n<p style=\"text-align: justify;\">L\u2019ultimo appuntamento \u00e8 stato dedicato all\u2019allestimento di un <strong>mercatino vintage<\/strong>, curato dall\u2019organizzazione <strong>Vintage Star<\/strong>, che ha messo insieme diversi venditori del territorio. Abbiamo messo a disposizione i nostri tavoli per esporre libri usati, fumetti, vestiti, gioielli, i quaderni fatti a mano dall\u2019artista <strong>Chiara Staropoli<\/strong>, prodotti agroalimentari, saponi naturali e spezie dell\u2019<strong>azienda agricola Malva<\/strong>.<\/p>\n<p style=\"text-align: justify;\">Il mercatino \u00e8 stato una novit\u00e0 ad Amantea per promuovere un consumo sostenibile e alternativo al commercio tradizionale della citt\u00e0.<\/p>\n[\/vc_column_text][\/vc_column][\/vc_row][vc_row][vc_column width=&#8221;1\/2&#8243;][vc_single_image image=&#8221;50585&#8243; img_size=&#8221;full&#8221;][\/vc_column][vc_column width=&#8221;1\/2&#8243;][vc_single_image image=&#8221;50591&#8243; img_size=&#8221;full&#8221;][\/vc_column][\/vc_row][vc_row][vc_column][vc_column_text]\n<h3 style=\"text-align: justify;\">PROIEZIONI DI FILM<\/h3>\n<p style=\"text-align: justify;\">Il programma di cinema al Terrenito \u00e8 stato pensato per <strong>sopperire alla mancanza di sale cinematografiche<\/strong> nel territorio di Amantea, che ha impoverito l\u2019offerta culturale del territorio e ha disabituato le persone alla magica esperienza della sala. Ispirandoci alla magia dell\u2019arena estiva all\u2019aperto, abbiamo dunque proiettato dodici film, divisi in tre programmi: <strong>cinema storico<\/strong>, <strong>cinema<\/strong> <strong>moderno<\/strong> e <strong>cinema<\/strong> <strong>sociale<\/strong>.<\/p>\n<p style=\"text-align: justify;\">I film sono stati proiettati sulla parete di roccia adiacente al palco, creando un effetto unico, specialmente per i film d\u2019epoca, simulando la grana della pellicola. <strong>Tutti gli ingressi sono stati gratuiti<\/strong>, coerentemente con la nostra missione sociale di riportare il cinema alla gente e la gente al cinema senza creare barriere.<\/p>\n<p style=\"text-align: justify;\">La <strong>Retrospettiva di Fritz Lang <\/strong>\u00e8 stata dedicata a uno dei <strong>grandi autori del cinema degli anni \u201920 e \u201930<\/strong>. Pioniere dell\u2019espressionismo della Repubblica di Weimar, dissidente del Nazifascismo, primo sperimentatore del cinema sonoro, Lang ha influenzato il cinema per come lo conosciamo oggi e ha realizzato capolavori ancora capaci di emozionare e raccontare la societ\u00e0 e l\u2019animo umano.<\/p>\n<p style=\"text-align: justify;\">Abbiamo selezionato <strong>quattro film rappresentativi della sua poetica<\/strong> e delle diverse fasi della sua carriera: due muti (<em>Destino<\/em> e <em>Metropolis<\/em>) e due sonori (<em>M \u2013 Il Mostro di D\u00fcsseldorf<\/em> e <em>Il Testamento del Dr. Mabuse<\/em>). <strong>La proiezione di Destino \u00e8 stata accompagnata da una colonna sonora<\/strong> composta da brani di rock psichedelico e progressivo italiano e straniero, per creare un contrasto tra le immagini d\u2019epoca e sonorit\u00e0 moderne.<\/p>\n[\/vc_column_text][\/vc_column][\/vc_row][vc_row][vc_column width=&#8221;1\/2&#8243;][vc_single_image image=&#8221;50597&#8243; img_size=&#8221;full&#8221;][\/vc_column][vc_column width=&#8221;1\/2&#8243;][vc_single_image image=&#8221;50603&#8243; img_size=&#8221;full&#8221;][\/vc_column][\/vc_row][vc_row][vc_column][vc_column_text]\n<p style=\"text-align: justify;\">La<strong> Retrospettiva di Satoshi Kon <\/strong>ha voluto omaggiare un <strong>maestro dell\u2019animazione giapponese<\/strong> meno conosciuto, autore di un cinema audace che analizza la psiche e i tormenti dell\u2019animo umano.<\/p>\n<p style=\"text-align: justify;\">Abbiamo proiettato i film <em>Roujin Z<\/em>, <em>Perfect Blue<\/em>, <em>Tokyo Godfathers<\/em> e <em>Paprika<\/em>, mostrando l\u2019evoluzione del suo linguaggio e dei temi trattati.<\/p>\n<p style=\"text-align: justify;\">I film affrontano questioni etiche e mostrano i <strong>mondi distopici che la societ\u00e0 del progresso sta generando<\/strong>. Abbiamo fatto cos\u00ec riscoprire al nostro pubblico il mondo dell\u2019animazione adatta a bambini ed adulti.<\/p>\n[\/vc_column_text][\/vc_column][\/vc_row][vc_row][vc_column width=&#8221;1\/2&#8243;][vc_single_image image=&#8221;50609&#8243; img_size=&#8221;full&#8221;][\/vc_column][vc_column width=&#8221;1\/2&#8243;][vc_single_image image=&#8221;50615&#8243; img_size=&#8221;full&#8221;][\/vc_column][\/vc_row][vc_row][vc_column][vc_column_text]\n<p style=\"text-align: justify;\">Il programma <strong>Black Power in the USA <\/strong>\u00e8 stato dedicato al <strong>cinema di protesta afroamericano<\/strong>, con quattro titoli indipendenti di cui tre mai distribuiti in Calabria: <em>Do The Right Thing<\/em> di Spike Lee, <em>Beasts of the Southern Wild<\/em> di Benh Zeitlin <em>Sorry to Bother You <\/em>di Boots Riley e <em>The Last Black Man in San Francisco<\/em> di Joe Talbot.<\/p>\n<p style=\"text-align: justify;\">La rassegna ha voluto mostrare la <strong>rabbia sociale delle comunit\u00e0 afroamericane<\/strong>, raccontata spesso con ironia ma capace di generare riflessioni e dubbi nel pubblico bianco, per approcciarci con criticit\u00e0 al problema del razzismo e della sua rappresentazione nel cinema. Sono stati scelti film audaci e irriverenti, che hanno messo in questione il sistema di valori in cui viviamo e la societ\u00e0 occidentale nel suo fondamento.<\/p>\n[\/vc_column_text][\/vc_column][\/vc_row][vc_row][vc_column width=&#8221;1\/2&#8243;][vc_single_image image=&#8221;50621&#8243; img_size=&#8221;full&#8221;][\/vc_column][vc_column width=&#8221;1\/2&#8243;][vc_single_image image=&#8221;50627&#8243; img_size=&#8221;full&#8221;][\/vc_column][\/vc_row][vc_row][vc_column][vc_column_text]\n<p style=\"text-align: justify;\">Il palco del Terrenito \u00e8 stato riempito di bellezza con il teatro e la danza di tre compagnie amanteane: <strong>Al Mantiah Ballet<\/strong>, <strong>La Casa del Vento<\/strong> e <strong>La Buffa<\/strong>, che hanno portato tre spettacoli originali e offerto momenti di riflessione culturale legati al territorio.<\/p>\n<p style=\"text-align: justify;\">In un comune senza teatri, \u00e8 stato un segnale importante offrire alle tre compagnie uno spazio dove potersi esibire davanti ad un pubblico senza dover sostenere costi.<\/p>\n<p style=\"text-align: justify;\">Lo spettacolo di <strong>Al Mantiah Ballet<\/strong> \u201c<strong>PASSI del Sud<\/strong>\u201d, diretto da Elvira Tonnara<strong>, ha unito il balletto classico alla lettura di dieci testi<\/strong> donati da cinque poeti, quattro <strong>calabresi<\/strong> d\u2019origine e uno d\u2019adozione perch\u00e9 innamorato di questa terra. Uno spettacolo che si \u00e8 posto il complicato intento di far \u201cvedere\u201d i passi decantati dai poeti e ha coinvolto un pubblico ampio ed intergenerazionale, che ha assistito ad un trionfo di bellezza ed eleganza.<\/p>\n[\/vc_column_text][\/vc_column][\/vc_row][vc_row][vc_column width=&#8221;1\/2&#8243;][vc_single_image image=&#8221;50633&#8243; img_size=&#8221;full&#8221;][\/vc_column][vc_column width=&#8221;1\/2&#8243;][vc_single_image image=&#8221;50639&#8243; img_size=&#8221;full&#8221;][\/vc_column][\/vc_row][vc_row][vc_column][vc_column_text]\n<p style=\"text-align: justify;\"><strong>La Casa Del Vento<\/strong> ha organizzato un\u2019intensa lettura dal vivo di due racconti di <strong>Dino Buzzati<\/strong>, tratti dalla sua raccolta \u201cLe Notti Difficili\u201d e un passaggio tratto dal \u201cCavaliere Inesistente\u201d di <strong>Italo<\/strong> <strong>Calvino<\/strong>. I racconti sono stati interpretati dagli attori <strong>Virginio Gallo<\/strong> e <strong>Loredana Ponti<\/strong>, che hanno aggiunto pathos e dinamica alle letture, con l\u2019accompagnamento musicale di un trio composto da sintetizzatori, fisarmonica e violoncello.<\/p>\n[\/vc_column_text][\/vc_column][\/vc_row][vc_row][vc_column width=&#8221;1\/2&#8243;][vc_single_image image=&#8221;50645&#8243; img_size=&#8221;full&#8221;][\/vc_column][vc_column width=&#8221;1\/2&#8243;][vc_single_image image=&#8221;50651&#8243; img_size=&#8221;full&#8221;][\/vc_column][\/vc_row][vc_row][vc_column][vc_column_text]\n<p style=\"text-align: justify;\">Infine, <strong>la compagnia teatrale La Buffa<\/strong> ha organizzato lo spettacolo \u201c<strong>La Leggenda di Colapesce<\/strong>\u201d, tratto dal mito popolare siciliano, attualizzandolo nella contemporaneit\u00e0 con i riferimenti al terremoto di Reggio e Messina del 1908 e al cambiamento dei valori identitari del Sud Italia.<\/p>\n<p style=\"text-align: justify;\">Le ipnotiche musiche originali, i costumi stravaganti, le scenografie e i giochi di luce hanno sfidato gli spettatori, accorsi in gran numero per lasciarsi condurre negli abissi della cultura popolare del Regno delle Due Sicilie.<\/p>\n[\/vc_column_text][\/vc_column][\/vc_row][vc_row][vc_column width=&#8221;1\/2&#8243;][vc_single_image image=&#8221;50663&#8243; img_size=&#8221;full&#8221;][\/vc_column][vc_column width=&#8221;1\/2&#8243;][vc_single_image image=&#8221;50657&#8243; img_size=&#8221;full&#8221;][\/vc_column][\/vc_row][vc_row][vc_column][vc_column_text]\n<h3 style=\"text-align: justify;\">PRESENTAZIONI DI LIBRI<\/h3>\n<p style=\"text-align: justify;\">Durante i mesi di pre-produzione degli eventi, abbiamo incontrato un manoscritto di poesie di <strong>Fortunata Morelli<\/strong>, una dottoressa amanteana scomparsa nel 2001 che, nel tempo libero, praticava la poesia e la pittura. Non aveva mai pubblicato un libro e solo alcune delle sue poesie, inviate a concorsi letterari, erano conosciute ad Amantea. Dopo averle lette, ci siamo innamorati di quelle parole e abbiamo pensato di <strong>digitalizzare e raccogliere tutti i suoi versi in una raccolta autoprodotta<\/strong>. Abbiamo contattato le sue figlie e abbiamo scoperto insieme nuovi diari, con decine e decine di poesie scritte a mano.<\/p>\n<p style=\"text-align: justify;\">Abbiamo messo insieme tutti i versi, rispettando i refusi e mantenendoci fedeli il pi\u00f9 possibile ai manoscritti e digitalizzando un piccolo patrimonio perduto.<\/p>\n<p style=\"text-align: justify;\"><strong>Il libro \u00e8 stato stampato in una tiratura limitata di 100 copie e presentato al Terrenito in un evento molto partecipato<\/strong>, dove le figlie e le vecchie amiche di Tina Morelli hanno letto le sue poesie e hanno condiviso con il pubblico ricordi e aneddoti. \u00c8 stata un\u2019occasione per far rivivere la memoria di un personaggio illustre della citt\u00e0 e mostrare al mondo la sua arte mai valorizzata.<\/p>\n[\/vc_column_text][\/vc_column][\/vc_row][vc_row][vc_column width=&#8221;1\/2&#8243;][vc_single_image image=&#8221;50669&#8243; img_size=&#8221;full&#8221;][\/vc_column][vc_column width=&#8221;1\/2&#8243;][vc_single_image image=&#8221;50675&#8243; img_size=&#8221;full&#8221;][\/vc_column][\/vc_row][vc_row][vc_column][vc_column_text]\n<p style=\"text-align: justify;\">Il 26 luglio abbiamo invece invitato <strong>l\u2019ex sindaco di Riace Domenico Lucano per presentare il suo libro \u201cIl Fuorilegge\u201d<\/strong> e raccontare la sua esperienza e il suo operato a Riace.<\/p>\n<p style=\"text-align: justify;\">Mimmo Lucano ha parlato del suo <strong>modello di accoglienza virtuosa<\/strong>, capace di ripopolare un borgo abbandonato e creare un circolo sociale, economico e ambientale sostenibile, contro le logiche del capitalismo e del neoliberismo che hanno divorato le speranze dei calabresi.<\/p>\n<p style=\"text-align: justify;\">Le sue parole e il suo coraggio ci hanno riempito di speranza, di voglia di riscatto e di ottimismo per una Calabria libera e piena di opportunit\u00e0 per i giovani.<\/p>\n[\/vc_column_text][\/vc_column][\/vc_row][vc_row][vc_column width=&#8221;1\/2&#8243;][vc_single_image image=&#8221;50681&#8243; img_size=&#8221;full&#8221;][\/vc_column][vc_column width=&#8221;1\/2&#8243;][vc_single_image image=&#8221;50687&#8243; img_size=&#8221;full&#8221;][\/vc_column][\/vc_row][vc_row][vc_column][vc_column_text]\n<h3>EVENTO DI CHIUSURA<\/h3>\n<p style=\"text-align: justify;\">Per concludere questo primo percorso, abbiamo organizzato un evento finale come momento per riflettere insieme alla comunit\u00e0 su quanto fatto finora, ringraziare tutti gli sponsor e i partner e invitare le associazioni a proporre nuove idee per il futuro.<\/p>\n<p style=\"text-align: justify;\">Abbiamo anche presentato il murales realizzato dalla street artist sarda <strong>La Fille Bertha<\/strong>, che gi\u00e0 nel 2016 aveva realizzato un\u2019opera per La Guarimba ad Amantea. Questa volta le abbiamo assegnato il compito di abbellire il terreno, aiutata da <strong>Alessio Errante<\/strong>, per continuare l\u2019opera di riqualificazione dello spazio attraverso l\u2019arte.<\/p>\n[\/vc_column_text][\/vc_column][\/vc_row][vc_row][vc_column width=&#8221;1\/2&#8243;][vc_single_image image=&#8221;50693&#8243; img_size=&#8221;full&#8221;][\/vc_column][vc_column width=&#8221;1\/2&#8243;][vc_single_image image=&#8221;50699&#8243; img_size=&#8221;full&#8221;][\/vc_column][\/vc_row][vc_row][vc_column][vc_column_text]\n<p style=\"text-align: justify;\">Infine, abbiamo invitato <strong>la cantautrice romana Marta Lucchesini<\/strong>, in arte <strong>Marat<\/strong>, per un concerto offerto alla cittadinanza. Marat era stata volontaria all\u2019edizione 2021 de La Guarimba Film Festival, e ci aveva gi\u00e0 regalato un piccolo concerto improvvisato in spiaggia. Quest\u2019anno ha pubblicato il suo primo EP \u201cTempesta E Calci\u201d e si \u00e8 esibita in concerti in tutt\u2019Italia. Abbiamo voluto riportarla in Calabria per celebrare insieme l\u2019avventura del Terrenito, lasciandole spazio per la sua musica e le sue parole, che hanno catturato l\u2019attenzione dei partecipanti con uno stile unico, un misto tra cantautorato, indie, synthpop ed elettronica, ed i testi introspettivi.<\/p>\n[\/vc_column_text][\/vc_column][\/vc_row][vc_row][vc_column width=&#8221;1\/2&#8243;][vc_single_image image=&#8221;50705&#8243; img_size=&#8221;full&#8221;][\/vc_column][vc_column width=&#8221;1\/2&#8243;][vc_single_image image=&#8221;50711&#8243; img_size=&#8221;full&#8221;][\/vc_column][\/vc_row][vc_row][vc_column][vc_column_text]\n<p style=\"text-align: justify;\">Si \u00e8 chiuso cos\u00ec il programma di Luglio del Terrenito, uno spazio che ha ancora tanto da dire e conoscer\u00e0 trasformazioni, adattamenti e novit\u00e0. Con questi 26 eventi, <strong>abbiamo posto la prima pietra di un percorso <\/strong>che vuole diventare parte integrante della vita degli amanteani<strong>. <\/strong><\/p>\n<p style=\"text-align: justify;\">Ci immaginiamo il Terrenito come uno <strong>spazio sicuro dove la gente pu\u00f2 trovare rifugio<\/strong> dal mondo consumista e frenetico, aperto a chi ha qualcosa da dire e da raccontare.<\/p>\n<p style=\"text-align: justify;\">Uno spazio dove <strong>le associazioni potranno proporre i loro contenuti gratuitamente<\/strong> e confrontarsi tra loro, crescendo insieme e imparando dall\u2019esperienza di comunit\u00e0.<\/p>\n<p style=\"text-align: justify;\">Uno spazio di <strong>scontro costruttivo<\/strong>, di <strong>conflitto propositivo<\/strong> e vitale per una comunit\u00e0, di alternativa all\u2019appiattimento del consenso acritico e privo di stimoli per il cambiamento.<\/p>\n<p style=\"text-align: justify;\">Uno spazio di <strong>bellezza che risponda alle esigenze del nostro territorio<\/strong> abbandonato dalle istituzioni, dove ridare dignit\u00e0 alla Cultura e alla memoria collettiva di un popolo, come base per il suo futuro.<\/p>\n[\/vc_column_text][\/vc_column][\/vc_row][vc_row][vc_column][vc_column_text]\n<h3><strong>IL PEPERONCINO JAZZ FESTIVAL AL TERRENITO<\/strong><\/h3>\n<p style=\"text-align: justify;\">Il 24 agosto 2022, Amantea \u00e8 ritornata ad ospitare, dopo pi\u00f9 di otto anni, una tappa di uno dei festival musicali pi\u00f9 importanti della Regione. Il <strong>Peperoncino Jazz Festival<\/strong>, giunto alla sua ventunesima edizione, \u00e8 un evento itinerante che porta concerti di altissima qualit\u00e0 in diversi comuni calabresi, tra grandi nomi del jazz mondiale e artisti emergenti.<\/p>\n<p style=\"text-align: justify;\">Il direttore artistico <strong>Sergio<\/strong> <strong>Gimigliano<\/strong>, colpito dall\u2019energia vitale del nostro nuovo spazio, ci ha offerto di ospitare una data al Terrenito. Abbiamo scelto di condividerlo con la comunit\u00e0 di Amantea gratuitamente, senza il supporto di finanziamenti pubblici o privati, ma con l\u2019intenzione di aprire nuovamente lo spazio per concludere idealmente la stagione con il nostro pubblico.<\/p>\n<p style=\"text-align: justify;\">Si \u00e8 esibito un trio tutto calabrese, ma con esperienze di palco internazionali: il progetto <strong>Calabrian Jazz Experience<\/strong>, che ha eseguito brani originali tratti dal loro primo album \u201cNebula\u201d, che ha unito melodie e ritmi jazz, fusion e funk, con il vibrafono di <strong>Samuel Cerra<\/strong>, e la sezione ritmica del bassista <strong>Franco<\/strong> <strong>Marino<\/strong> e del batterista <strong>Massimo<\/strong> <strong>Russo<\/strong>.<\/p>\n<p style=\"text-align: justify;\"><strong>La risposta del pubblico \u00e8 stata molto positiva<\/strong>, occupando tutti i 100 posti a sedere e riempiendo il prato e la strada, mostrando apprezzamento ed entusiasmo per un genere che, tra la chiusura di locali storici e la noncuranza dei politici locali, \u00e8 stato ascoltato raramente dal vivo ad Amantea.<\/p>\n[\/vc_column_text][\/vc_column][\/vc_row][vc_row][vc_column width=&#8221;1\/2&#8243;][vc_single_image image=&#8221;50966&#8243; img_size=&#8221;full&#8221;][\/vc_column][vc_column width=&#8221;1\/2&#8243;][vc_single_image image=&#8221;50972&#8243; img_size=&#8221;full&#8221;][\/vc_column][\/vc_row][vc_row][vc_column][vc_separator color=&#8221;white&#8221;][\/vc_column][\/vc_row][vc_row][vc_column width=&#8221;1\/2&#8243;][vc_column_text]\n<p style=\"text-align: center;\"><span style=\"font-size: 10pt;\">ORGANIZZATO DA<\/span><\/p>\n[\/vc_column_text][\/vc_column][vc_column width=&#8221;1\/2&#8243;][vc_column_text]\n<p style=\"text-align: center;\"><span style=\"font-size: 10pt;\">CON IL CONTRIBUTO DI<\/span><\/p>\n[\/vc_column_text][\/vc_column][\/vc_row][vc_row][vc_column width=&#8221;1\/2&#8243;][vc_single_image image=&#8221;50388&#8243; img_size=&#8221;full&#8221;][\/vc_column][vc_column width=&#8221;1\/2&#8243;][vc_single_image image=&#8221;50382&#8243; img_size=&#8221;full&#8221;][\/vc_column][\/vc_row][vc_row][vc_column][vc_column_text]\n<p style=\"text-align: center;\"><span style=\"font-size: 10pt;\">CON IL SUPPORTO DI<\/span><\/p>\n[\/vc_column_text][\/vc_column][\/vc_row][vc_row][vc_column width=&#8221;1\/4&#8243;][vc_single_image image=&#8221;50350&#8243; img_size=&#8221;full&#8221;][\/vc_column][vc_column width=&#8221;1\/4&#8243;][vc_single_image image=&#8221;50326&#8243; img_size=&#8221;full&#8221;][\/vc_column][vc_column width=&#8221;1\/4&#8243;][vc_single_image image=&#8221;50356&#8243; img_size=&#8221;full&#8221;][\/vc_column][vc_column width=&#8221;1\/4&#8243;][vc_single_image image=&#8221;50332&#8243; img_size=&#8221;full&#8221;][\/vc_column][\/vc_row][vc_row][vc_column width=&#8221;1\/5&#8243;][\/vc_column][vc_column width=&#8221;1\/5&#8243;][vc_single_image image=&#8221;50362&#8243; img_size=&#8221;full&#8221;][\/vc_column][vc_column width=&#8221;1\/5&#8243;][vc_single_image image=&#8221;50368&#8243; img_size=&#8221;full&#8221;][\/vc_column][vc_column width=&#8221;1\/5&#8243;][vc_single_image image=&#8221;50984&#8243; img_size=&#8221;full&#8221;][\/vc_column][vc_column width=&#8221;1\/5&#8243;][\/vc_column][\/vc_row]\n<\/div>","protected":false},"excerpt":{"rendered":"<p>[vc_row][vc_column][vc_video link=&#8221;https:\/\/www.youtube.com\/watch?v=Dg0ByzJBlRY&amp;t=2s&#8221;][\/vc_column][\/vc_row][vc_row][vc_column][vc_column_text] Il Terrenito \u00e8 uno spazio multifunzionale localizzato nel centro di Amantea (Calabria), che abbiamo acquistato alla fine 2021 e riqualificato durante l&#8217;anno successivo. Nel luglio 2022, ha ospitato un programma di 26 eventi culturali, coinvolgendo artisti, associazioni del territorio e sponsor locali, con cui abbiamo costruito insieme un cartellone culturale tra teatro, danza, [&hellip;]<\/p>\n","protected":false},"author":1,"featured_media":50990,"parent":0,"menu_order":0,"comment_status":"closed","ping_status":"closed","template":"","meta":{"jetpack_post_was_ever_published":false,"footnotes":""},"class_list":["post-50464","page","type-page","status-publish","has-post-thumbnail","hentry"],"jetpack_shortlink":"https:\/\/wp.me\/P4S7Ao-d7W","jetpack_sharing_enabled":true,"_links":{"self":[{"href":"https:\/\/www.laguarimba.com\/it\/wp-json\/wp\/v2\/pages\/50464","targetHints":{"allow":["GET"]}}],"collection":[{"href":"https:\/\/www.laguarimba.com\/it\/wp-json\/wp\/v2\/pages"}],"about":[{"href":"https:\/\/www.laguarimba.com\/it\/wp-json\/wp\/v2\/types\/page"}],"author":[{"embeddable":true,"href":"https:\/\/www.laguarimba.com\/it\/wp-json\/wp\/v2\/users\/1"}],"replies":[{"embeddable":true,"href":"https:\/\/www.laguarimba.com\/it\/wp-json\/wp\/v2\/comments?post=50464"}],"version-history":[{"count":13,"href":"https:\/\/www.laguarimba.com\/it\/wp-json\/wp\/v2\/pages\/50464\/revisions"}],"predecessor-version":[{"id":55027,"href":"https:\/\/www.laguarimba.com\/it\/wp-json\/wp\/v2\/pages\/50464\/revisions\/55027"}],"wp:featuredmedia":[{"embeddable":true,"href":"https:\/\/www.laguarimba.com\/it\/wp-json\/wp\/v2\/media\/50990"}],"wp:attachment":[{"href":"https:\/\/www.laguarimba.com\/it\/wp-json\/wp\/v2\/media?parent=50464"}],"curies":[{"name":"wp","href":"https:\/\/api.w.org\/{rel}","templated":true}]}}